{"id":83129,"date":"2023-11-21T10:14:25","date_gmt":"2023-11-21T09:14:25","guid":{"rendered":"https:\/\/esev.ipv.pt\/international\/"},"modified":"2026-01-26T12:30:07","modified_gmt":"2026-01-26T11:30:07","slug":"international","status":"publish","type":"page","link":"https:\/\/esev.ipv.pt\/en\/international\/","title":{"rendered":"International"},"content":{"rendered":"<p>[et_pb_section fb_built=&#8221;1&#8243; _builder_version=&#8221;4.21.0&#8243; _module_preset=&#8221;52b34cf4-0c34-4695-8546-ed0b4c0e44da&#8221; use_background_color_gradient=&#8221;on&#8221; background_color_gradient_stops=&#8221;rgba(43,46,52,0.56) 0%|rgba(43,46,52,0.56) 100%&#8221; background_color_gradient_overlays_image=&#8221;on&#8221; background_image=&#8221;https:\/\/esev.ipv.pt\/wp-content\/uploads\/sites\/9\/2023\/11\/plane-841441_1920.jpg&#8221; locked=&#8221;off&#8221; collapsed=&#8221;on&#8221; global_colors_info=&#8221;{}&#8221;][et_pb_row _builder_version=&#8221;4.21.0&#8243; _module_preset=&#8221;b882f85f-d0b0-46d5-8091-b37ad8a25f99&#8243; global_colors_info=&#8221;{}&#8221;][et_pb_column type=&#8221;4_4&#8243; _builder_version=&#8221;4.16&#8243; _module_preset=&#8221;default&#8221; global_colors_info=&#8221;{}&#8221;][et_pb_text admin_label=&#8221;Text&#8221; _builder_version=&#8221;4.21.0&#8243; _module_preset=&#8221;9fad50c0-67d8-42e4-a430-bc6a6e5c8bb6&#8243; text_font=&#8221;|800|||||||&#8221; text_font_size=&#8221;60px&#8221; text_line_height=&#8221;64px&#8221; global_colors_info=&#8221;{}&#8221;]<\/p>\n<h1>Program<\/h1>\n<h2>International<\/h2>\n<p>[\/et_pb_text][\/et_pb_column][\/et_pb_row][\/et_pb_section][et_pb_section fb_built=&#8221;1&#8243; module_class=&#8221;inner-menu&#8221; _builder_version=&#8221;4.21.0&#8243; _module_preset=&#8221;default&#8221; background_color=&#8221;#F5F5F5&#8243; custom_padding=&#8221;0px||0px||true|false&#8221; sticky_position=&#8221;top&#8221; locked=&#8221;off&#8221; global_colors_info=&#8221;{}&#8221;][et_pb_row _builder_version=&#8221;4.20.2&#8243; _module_preset=&#8221;7562fc30-7a63-42e5-a3e2-eeba83439856&#8243; max_width=&#8221;none&#8221; custom_margin=&#8221;0px||0px||true|false&#8221; custom_padding=&#8221;0px|10%|0px|10%|true|true&#8221; global_colors_info=&#8221;{}&#8221;][et_pb_column type=&#8221;4_4&#8243; _builder_version=&#8221;4.20.2&#8243; _module_preset=&#8221;default&#8221; global_colors_info=&#8221;{}&#8221;][et_pb_divider _builder_version=&#8221;4.21.0&#8243; _module_preset=&#8221;4e034377-ed1c-4250-a52a-8e1ef9c04352&#8243; width=&#8221;100%&#8221; custom_margin=&#8221;0px||0px||true|false&#8221; custom_padding=&#8221;0px||0px||true|false&#8221; global_colors_info=&#8221;{}&#8221;][\/et_pb_divider][\/et_pb_column][\/et_pb_row][\/et_pb_section][et_pb_section fb_built=&#8221;1&#8243; _builder_version=&#8221;4.21.0&#8243; _module_preset=&#8221;default&#8221; custom_padding=&#8221;||2px|||&#8221; global_colors_info=&#8221;{}&#8221;][et_pb_row _builder_version=&#8221;4.21.0&#8243; _module_preset=&#8221;default&#8221; max_width=&#8221;1920px&#8221; custom_padding=&#8221;0px|10%|0px|10%|false|true&#8221; global_colors_info=&#8221;{}&#8221;][et_pb_column type=&#8221;4_4&#8243; _builder_version=&#8221;4.21.0&#8243; _module_preset=&#8221;default&#8221; global_colors_info=&#8221;{}&#8221;][et_pb_text _builder_version=&#8221;4.25.1&#8243; _module_preset=&#8221;default&#8221; header_2_font=&#8221;&#8211;et_global_body_font||||||||&#8221; header_2_text_color=&#8221;#FD6320&#8243; header_2_font_size=&#8221;2.8rem&#8221; custom_margin=&#8221;||17px|||&#8221; locked=&#8221;off&#8221; global_colors_info=&#8221;{}&#8221;]<\/p>\n<h2>International Programme<\/h2>\n<p>[\/et_pb_text][et_pb_divider _builder_version=&#8221;4.21.0&#8243; _module_preset=&#8221;default&#8221; custom_margin=&#8221;-18px||3px|||&#8221; global_colors_info=&#8221;{}&#8221;][\/et_pb_divider][\/et_pb_column][\/et_pb_row][et_pb_row column_structure=&#8221;1_2,1_2&#8243; _builder_version=&#8221;4.21.0&#8243; _module_preset=&#8221;default&#8221; max_width=&#8221;1920px&#8221; locked=&#8221;off&#8221; global_colors_info=&#8221;{}&#8221;][et_pb_column type=&#8221;1_2&#8243; _builder_version=&#8221;4.21.0&#8243; _module_preset=&#8221;default&#8221; position_origin_a=&#8221;center_left&#8221; position_origin_f=&#8221;center_center&#8221; z_index=&#8221;10&#8243; global_colors_info=&#8221;{}&#8221;][et_pb_text _builder_version=&#8221;4.25.1&#8243; _module_preset=&#8221;default&#8221; link_font=&#8221;||||||||&#8221; header_2_font=&#8221;PV Sans Regular||||||||&#8221; header_2_text_color=&#8221;#FD6320&#8243; header_2_font_size=&#8221;2.8rem&#8221; header_3_font=&#8221;PV Sans Regular||||||||&#8221; header_3_font_size=&#8221;2.4rem&#8221; background_color=&#8221;#f6f6f6&#8243; z_index=&#8221;1&#8243; custom_margin=&#8221;1vw|-5vw||0vw|false|false&#8221; custom_padding=&#8221;3vw|3vw|6vw|3vw|false|true&#8221; locked=&#8221;off&#8221; global_colors_info=&#8221;{}&#8221;]<\/p>\n<h3>Erasmus+<\/h3>\n<p>The ERASMUS+ programme promotes international training, giving everyone &#8211; students, teaching staff and non-teaching staff, INcoming and OUTgoing &#8211; the opportunity to experience new challenges, fostering development, the acquisition and sharing of knowledge\/know-how and experiences and raising awareness of the importance of international cooperation across borders.<\/p>\n<p>[\/et_pb_text][et_pb_button button_url=&#8221;https:\/\/esev.ipv.pt\/wp-content\/uploads\/sites\/9\/2024\/02\/Regul_Int_mob_fevereiro_24_signed-1.pdf&#8221; url_new_window=&#8221;on&#8221; button_text=&#8221;Regulations&#8221; disabled_on=&#8221;off|off|off&#8221; _builder_version=&#8221;4.21.0&#8243; _module_preset=&#8221;default&#8221; button_bg_color=&#8221;RGBA(255,255,255,0)&#8221; button_border_width=&#8221;2px&#8221; button_border_color=&#8221;#FD6320&#8243; button_border_radius=&#8221;0px&#8221; button_letter_spacing=&#8221;0px&#8221; button_font=&#8221;PV Sans Regular|||on|||||&#8221; button_use_icon=&#8221;off&#8221; z_index=&#8221;1&#8243; background_layout=&#8221;dark&#8221; custom_margin=&#8221;-7vw|0vw||3vw|false|false&#8221; custom_padding=&#8221;12px|2vw|12px|2vw|true|true&#8221; button_border_color_tablet=&#8221;#FD6320&#8243; button_border_color_phone=&#8221;#FD6320&#8243; button_border_color_last_edited=&#8221;on|desktop&#8221; locked=&#8221;off&#8221; global_colors_info=&#8221;{}&#8221; button_border_color__hover_enabled=&#8221;on|hover&#8221; button_border_color__hover=&#8221;#FD6320&#8243; button_bg_color__hover=&#8221;#FD6320&#8243; button_text_color__hover_enabled=&#8221;on|hover&#8221; button_text_color__hover=&#8221;#FFFFFF&#8221;][\/et_pb_button][\/et_pb_column][et_pb_column type=&#8221;1_2&#8243; _builder_version=&#8221;4.21.0&#8243; _module_preset=&#8221;default&#8221; positioning=&#8221;none&#8221; global_colors_info=&#8221;{}&#8221;][et_pb_image src=&#8221;https:\/\/esev.ipv.pt\/wp-content\/uploads\/sites\/9\/2024\/03\/plain.jpg&#8221; alt=&#8221;Erasmus+&#8221; title_text=&#8221;Erasmus+&#8221; _builder_version=&#8221;4.21.0&#8243; _module_preset=&#8221;default&#8221; background_image=&#8221;https:\/\/esev.ipv.pt\/wp-content\/uploads\/sites\/9\/2024\/03\/students-3-scaled.jpg&#8221; z_index=&#8221;0&#8243; custom_margin=&#8221;|-4vw||0px|false|false&#8221; custom_padding=&#8221;0px||0px||false|false&#8221; global_colors_info=&#8221;{}&#8221;][\/et_pb_image][\/et_pb_column][\/et_pb_row][et_pb_row _builder_version=&#8221;4.21.0&#8243; _module_preset=&#8221;default&#8221; max_width=&#8221;1920px&#8221; locked=&#8221;off&#8221; global_colors_info=&#8221;{}&#8221;][et_pb_column type=&#8221;4_4&#8243; _builder_version=&#8221;4.21.0&#8243; _module_preset=&#8221;default&#8221; global_colors_info=&#8221;{}&#8221;][et_pb_text _builder_version=&#8221;4.21.0&#8243; _module_preset=&#8221;default&#8221; header_2_font=&#8221;PV Sans Regular||||||||&#8221; header_2_text_color=&#8221;#FD6320&#8243; header_2_font_size=&#8221;2.8rem&#8221; locked=&#8221;off&#8221; global_colors_info=&#8221;{}&#8221;]<\/p>\n<h2>INcoming Mobility<\/h2>\n<p>[\/et_pb_text][et_pb_divider _builder_version=&#8221;4.21.0&#8243; _module_preset=&#8221;default&#8221; custom_margin=&#8221;-18px||3px|||&#8221; global_colors_info=&#8221;{}&#8221;][\/et_pb_divider][\/et_pb_column][\/et_pb_row][et_pb_row column_structure=&#8221;1_2,1_2&#8243; _builder_version=&#8221;4.21.0&#8243; _module_preset=&#8221;default&#8221; max_width=&#8221;1920px&#8221; custom_padding=&#8221;0px|10%|0px|10%|false|true&#8221; global_colors_info=&#8221;{}&#8221;][et_pb_column type=&#8221;1_2&#8243; _builder_version=&#8221;4.21.0&#8243; _module_preset=&#8221;default&#8221; global_colors_info=&#8221;{}&#8221;][et_pb_image src=&#8221;https:\/\/esev.ipv.pt\/wp-content\/uploads\/sites\/9\/2024\/02\/people-girls-scaled.jpg&#8221; alt=&#8221;Students international&#8221; title_text=&#8221;people-girls&#8221; _builder_version=&#8221;4.21.0&#8243; _module_preset=&#8221;default&#8221; custom_margin=&#8221;1vw|0vw||0vw|false|false&#8221; custom_padding=&#8221;0vw||0vw|0vw|true|false&#8221; global_colors_info=&#8221;{}&#8221;][\/et_pb_image][\/et_pb_column][et_pb_column type=&#8221;1_2&#8243; _builder_version=&#8221;4.21.0&#8243; _module_preset=&#8221;default&#8221; global_colors_info=&#8221;{}&#8221;][et_pb_text _builder_version=&#8221;4.27.4&#8243; _module_preset=&#8221;default&#8221; link_font=&#8221;PV Sans Bold||||||||&#8221; link_text_color=&#8221;#2B2E34&#8243; header_3_font=&#8221;PV Sans Regular||||||||&#8221; header_3_font_size=&#8221;2.4rem&#8221; background_color=&#8221;#f6f6f6&#8243; z_index=&#8221;-1&#8243; custom_margin=&#8221;2vw|-4vw||-5vw|false|false&#8221; custom_margin_tablet=&#8221;2vw|5vw||-5vw|false|false&#8221; custom_margin_phone=&#8221;-10vw|3vw||3vw|false|false&#8221; custom_margin_last_edited=&#8221;on|phone&#8221; custom_padding=&#8221;3vw|3vw|6vw|3vw|false|true&#8221; link_font_size_last_edited=&#8221;off|desktop&#8221; global_colors_info=&#8221;{}&#8221; link_font_size__hover_enabled=&#8221;on|hover&#8221; link_font_size__hover=&#8221;1.1rem&#8221; link_text_color__hover_enabled=&#8221;on|hover&#8221; link_text_color__hover=&#8221;#FD6320&#8243;]<\/p>\n<h3>Students<\/h3>\n<p><span>The<\/span> Student mobility <span>allows a foreign student to study at ESEV through the Erasmus+ Programme. This requires collaboration agreements between the student&#8217;s home institution and ESEV. Those interested should contact the <a href=\"https:\/\/esev.ipv.pt\/servicos\/gabinetes\/cooperacao-interinstitucional\/\"><strong>Interinstitutional Cooperation Office<\/strong><\/a>. <\/span>[\/et_pb_text][et_pb_button button_url=&#8221;https:\/\/esev.ipv.pt\/wp-content\/uploads\/sites\/9\/2025\/07\/Entradas_estudantes_24-25.pdf&#8221; url_new_window=&#8221;on&#8221; button_text=&#8221;List 2024-2025&#8243; disabled_on=&#8221;off|off|off&#8221; _builder_version=&#8221;4.27.5&#8243; _module_preset=&#8221;default&#8221; button_text_size=&#8221;1rem&#8221; button_bg_color=&#8221;RGBA(255,255,255,0)&#8221; button_border_width=&#8221;2px&#8221; button_border_color=&#8221;#FD6320&#8243; button_border_radius=&#8221;0px&#8221; button_letter_spacing=&#8221;0px&#8221; button_font=&#8221;PV Sans Regular|||on|||||&#8221; button_use_icon=&#8221;off&#8221; z_index=&#8221;1&#8243; background_layout=&#8221;dark&#8221; custom_margin=&#8221;-7vw|0vw||-2vw|false|false&#8221; custom_padding=&#8221;12px|2vw|12px|2vw|true|true&#8221; hover_enabled=&#8221;0&#8243; button_border_color_tablet=&#8221;#FD6320&#8243; button_border_color_phone=&#8221;#FD6320&#8243; button_border_color_last_edited=&#8221;on|desktop&#8221; global_colors_info=&#8221;{}&#8221; button_border_color__hover_enabled=&#8221;on|hover&#8221; button_border_color__hover=&#8221;#FD6320&#8243; button_bg_color__hover=&#8221;#FD6320&#8243; button_text_color__hover_enabled=&#8221;on|hover&#8221; button_text_color__hover=&#8221;#FFFFFF&#8221; sticky_enabled=&#8221;0&#8243;][\/et_pb_button][\/et_pb_column][\/et_pb_row][et_pb_row column_structure=&#8221;1_2,1_2&#8243; _builder_version=&#8221;4.21.0&#8243; _module_preset=&#8221;default&#8221; max_width=&#8221;1920px&#8221; custom_padding=&#8221;0px|10%|0px|10%|false|true&#8221; global_colors_info=&#8221;{}&#8221;][et_pb_column type=&#8221;1_2&#8243; _builder_version=&#8221;4.21.0&#8243; _module_preset=&#8221;default&#8221; position_origin_a=&#8221;center_left&#8221; position_origin_f=&#8221;center_center&#8221; z_index=&#8221;10&#8243; global_colors_info=&#8221;{}&#8221;][et_pb_text _builder_version=&#8221;4.27.4&#8243; _module_preset=&#8221;default&#8221; link_font=&#8221;PV Sans Regular|||||||#2B2E34|&#8221; link_text_color=&#8221;#2B2E34&#8243; header_font_size=&#8221;2.4rem&#8221; header_3_font=&#8221;PV Sans Regular||||||||&#8221; header_3_font_size=&#8221;2.4rem&#8221; background_color=&#8221;#f6f6f6&#8243; z_index=&#8221;1&#8243; custom_margin=&#8221;3vw|-5vw||0vw|false|false&#8221; custom_padding=&#8221;3vw|3vw|6vw|3vw|false|true&#8221; locked=&#8221;off&#8221; global_colors_info=&#8221;{}&#8221; link_text_color__hover_enabled=&#8221;on|hover&#8221; link_text_color__hover=&#8221;#FD6320&#8243; link_font_size__hover_enabled=&#8221;on|desktop&#8221; link_font_size__hover=&#8221;1.1rem&#8221;]<\/p>\n<h3>Teachers<\/h3>\n<p class=\"sc-gqjmRU hmHRhI\"><span>Through the Erasmus+ Programme<\/span>, teachers from partner institutions can carry out a teaching mission at the ESEV. Those interested should contact the <a href=\"https:\/\/esev.ipv.pt\/servicos\/gabinetes\/cooperacao-interinstitucional\/\"><strong>Interinstitutional Cooperation Office<\/strong><\/a>.<\/p>\n<p>[\/et_pb_text][et_pb_button button_url=&#8221;https:\/\/esev.ipv.pt\/wp-content\/uploads\/sites\/9\/2025\/07\/Entradas_docentes_24-25.pdf&#8221; url_new_window=&#8221;on&#8221; button_text=&#8221;List 2024-2025&#8243; disabled_on=&#8221;off|off|off&#8221; _builder_version=&#8221;4.27.5&#8243; _module_preset=&#8221;default&#8221; button_bg_color=&#8221;RGBA(255,255,255,0)&#8221; button_border_width=&#8221;2px&#8221; button_border_color=&#8221;#FD6320&#8243; button_border_radius=&#8221;0px&#8221; button_letter_spacing=&#8221;0px&#8221; button_font=&#8221;PV Sans Regular|||on|||||&#8221; button_use_icon=&#8221;off&#8221; z_index=&#8221;1&#8243; background_layout=&#8221;dark&#8221; custom_margin=&#8221;-7vw|0vw||3vw|false|false&#8221; custom_padding=&#8221;12px|2vw|12px|2vw|true|true&#8221; hover_enabled=&#8221;0&#8243; button_border_color_tablet=&#8221;#FD6320&#8243; button_border_color_phone=&#8221;#FD6320&#8243; button_border_color_last_edited=&#8221;on|desktop&#8221; locked=&#8221;off&#8221; global_colors_info=&#8221;{}&#8221; button_border_color__hover_enabled=&#8221;on|hover&#8221; button_border_color__hover=&#8221;#FD6320&#8243; button_bg_color__hover=&#8221;#FD6320&#8243; button_text_color__hover_enabled=&#8221;on|hover&#8221; button_bg_color__hover_enabled=&#8221;on|desktop&#8221; sticky_enabled=&#8221;0&#8243;][\/et_pb_button][\/et_pb_column][et_pb_column type=&#8221;1_2&#8243; _builder_version=&#8221;4.21.0&#8243; _module_preset=&#8221;default&#8221; positioning=&#8221;none&#8221; global_colors_info=&#8221;{}&#8221;][et_pb_image src=&#8221;https:\/\/esev.ipv.pt\/wp-content\/uploads\/sites\/9\/2024\/03\/students-3-scaled.jpg&#8221; alt=&#8221;Students computer&#8221; title_text=&#8221;students-3&#8243; _builder_version=&#8221;4.21.0&#8243; _module_preset=&#8221;default&#8221; background_image=&#8221;https:\/\/esev.ipv.pt\/wp-content\/uploads\/sites\/9\/2024\/03\/students-3-scaled.jpg&#8221; z_index=&#8221;0&#8243; custom_margin=&#8221;|-4vw||0px|false|false&#8221; custom_padding=&#8221;0px||0px||false|false&#8221; global_colors_info=&#8221;{}&#8221;][\/et_pb_image][\/et_pb_column][\/et_pb_row][et_pb_row column_structure=&#8221;1_2,1_2&#8243; _builder_version=&#8221;4.21.0&#8243; _module_preset=&#8221;default&#8221; max_width=&#8221;1920px&#8221; custom_padding=&#8221;0px|10%|0px|10%|false|true&#8221; locked=&#8221;off&#8221; global_colors_info=&#8221;{}&#8221;][et_pb_column type=&#8221;1_2&#8243; _builder_version=&#8221;4.21.0&#8243; _module_preset=&#8221;default&#8221; global_colors_info=&#8221;{}&#8221;][et_pb_image src=&#8221;https:\/\/esev.ipv.pt\/wp-content\/uploads\/sites\/9\/2024\/02\/library-books-shelves-student-b08835b0038211d4a35d1b1b04da2cfe.jpg&#8221; alt=&#8221;Library books shelves&#8221; title_text=&#8221;library-books-shelves-student-b08835b0038211d4a35d1b1b04da2cfe&#8221; _builder_version=&#8221;4.21.0&#8243; _module_preset=&#8221;default&#8221; custom_margin=&#8221;1vw|0vw||0vw|false|false&#8221; custom_padding=&#8221;0vw||0vw|0vw|true|false&#8221; global_colors_info=&#8221;{}&#8221;][\/et_pb_image][\/et_pb_column][et_pb_column type=&#8221;1_2&#8243; _builder_version=&#8221;4.21.0&#8243; _module_preset=&#8221;default&#8221; global_colors_info=&#8221;{}&#8221;][et_pb_text _builder_version=&#8221;4.27.4&#8243; _module_preset=&#8221;default&#8221; link_font=&#8221;PV Sans Bold|||||||#2B2E34|&#8221; link_text_color=&#8221;#2B2E34&#8243; header_3_font=&#8221;PV Sans Regular||||||||&#8221; header_3_font_size=&#8221;2rem&#8221; background_color=&#8221;#f6f6f6&#8243; z_index=&#8221;-1&#8243; custom_margin=&#8221;2vw|-4vw||-5vw|false|false&#8221; custom_margin_tablet=&#8221;2vw|5vw||-5vw|false|false&#8221; custom_margin_phone=&#8221;-10vw|3vw||3vw|false|false&#8221; custom_margin_last_edited=&#8221;on|phone&#8221; custom_padding=&#8221;3vw|3vw|6vw|3vw|false|true&#8221; global_colors_info=&#8221;{}&#8221; link_text_color__hover_enabled=&#8221;on|hover&#8221; link_text_color__hover=&#8221;#FD6320&#8243; text_font_size__hover_enabled=&#8221;on|hover&#8221; text_font_size__hover=&#8221;1rem&#8221; link_font_size__hover_enabled=&#8221;on|desktop&#8221; link_font_size__hover=&#8221;1.1rem&#8221; text_text_color__hover_enabled=&#8221;on|hover&#8221; text_text_color__hover=&#8221;#2B2E34&#8243;]<\/p>\n<h3>Non-teaching staff<\/h3>\n<p><span>Through the Erasmus+ Programme, non-teaching staff from partner institutions can undertake a period of training at the ESEV. Those interested should contact <\/span><a href=\"https:\/\/esev.ipv.pt\/servicos\/gabinetes\/cooperacao-interinstitucional\/\">Interinstitutional Cooperation Office.<\/a><\/p>\n<p>[\/et_pb_text][et_pb_button button_url=&#8221;https:\/\/esev.ipv.pt\/wp-content\/uploads\/sites\/9\/2023\/11\/Incoming_2023_2024_p_ESEV_v1.pdf&#8221; url_new_window=&#8221;on&#8221; button_text=&#8221;List 2023-2024&#8243; disabled_on=&#8221;on|on|on&#8221; _builder_version=&#8221;4.25.2&#8243; _module_preset=&#8221;default&#8221; button_text_size=&#8221;1rem&#8221; button_bg_color=&#8221;RGBA(255,255,255,0)&#8221; button_border_width=&#8221;2px&#8221; button_border_color=&#8221;#FD6320&#8243; button_border_radius=&#8221;0px&#8221; button_letter_spacing=&#8221;0px&#8221; button_font=&#8221;PV Sans Regular|||on|||||&#8221; button_use_icon=&#8221;off&#8221; z_index=&#8221;1&#8243; background_layout=&#8221;dark&#8221; custom_margin=&#8221;-7vw|0vw||-2vw|false|false&#8221; custom_padding=&#8221;12px|2vw|12px|2vw|true|true&#8221; button_border_color_tablet=&#8221;#FD6320&#8243; button_border_color_phone=&#8221;#FD6320&#8243; button_border_color_last_edited=&#8221;on|desktop&#8221; disabled=&#8221;on&#8221; locked=&#8221;off&#8221; global_colors_info=&#8221;{}&#8221; button_border_color__hover_enabled=&#8221;off|desktop&#8221; button_border_color__hover=&#8221;#FD6320&#8243; button_bg_color__hover=&#8221;#FD6320&#8243; button_text_color__hover=&#8221;#FFFFFF&#8221; button_text_color__hover_enabled=&#8221;on|hover&#8221; button_bg_color__hover_enabled=&#8221;on|desktop&#8221;][\/et_pb_button][\/et_pb_column][\/et_pb_row][et_pb_row _builder_version=&#8221;4.21.0&#8243; _module_preset=&#8221;default&#8221; max_width=&#8221;1920px&#8221; global_colors_info=&#8221;{}&#8221;][et_pb_column type=&#8221;4_4&#8243; _builder_version=&#8221;4.21.0&#8243; _module_preset=&#8221;default&#8221; global_colors_info=&#8221;{}&#8221;][et_pb_text _builder_version=&#8221;4.25.1&#8243; _module_preset=&#8221;default&#8221; header_2_font=&#8221;PV Sans Regular||||||||&#8221; header_2_text_color=&#8221;#FD6320&#8243; header_2_font_size=&#8221;2.8rem&#8221; global_colors_info=&#8221;{}&#8221;]<\/p>\n<h2>OUTgoing Mobility<\/h2>\n<p>[\/et_pb_text][et_pb_divider _builder_version=&#8221;4.21.0&#8243; _module_preset=&#8221;default&#8221; custom_margin=&#8221;-18px|||||&#8221; global_colors_info=&#8221;{}&#8221;][\/et_pb_divider][\/et_pb_column][\/et_pb_row][et_pb_row column_structure=&#8221;1_2,1_2&#8243; _builder_version=&#8221;4.21.0&#8243; _module_preset=&#8221;default&#8221; max_width=&#8221;1920px&#8221; custom_padding=&#8221;0px|10%|0px|10%|false|true&#8221; locked=&#8221;off&#8221; global_colors_info=&#8221;{}&#8221;][et_pb_column type=&#8221;1_2&#8243; _builder_version=&#8221;4.21.0&#8243; _module_preset=&#8221;default&#8221; global_colors_info=&#8221;{}&#8221;][et_pb_image src=&#8221;https:\/\/esev.ipv.pt\/wp-content\/uploads\/sites\/9\/2024\/02\/estudante_5-scaled.jpg&#8221; alt=&#8221;Books library&#8221; title_text=&#8221;Books_library&#8221; _builder_version=&#8221;4.21.0&#8243; _module_preset=&#8221;default&#8221; custom_margin=&#8221;1vw|0vw||0vw|false|false&#8221; custom_padding=&#8221;0vw||0vw|0vw|true|false&#8221; global_colors_info=&#8221;{}&#8221;][\/et_pb_image][\/et_pb_column][et_pb_column type=&#8221;1_2&#8243; _builder_version=&#8221;4.21.0&#8243; _module_preset=&#8221;default&#8221; global_colors_info=&#8221;{}&#8221;][et_pb_text _builder_version=&#8221;4.25.2&#8243; _module_preset=&#8221;default&#8221; link_font=&#8221;PV Sans Bold||||||||&#8221; link_text_color=&#8221;#2B2E34&#8243; header_3_font=&#8221;PV Sans Regular||||||||&#8221; header_3_font_size=&#8221;2.4rem&#8221; background_color=&#8221;#f6f6f6&#8243; z_index=&#8221;-1&#8243; custom_margin=&#8221;2vw|-4vw||-5vw|false|false&#8221; custom_margin_tablet=&#8221;2vw|5vw||-5vw|false|false&#8221; custom_margin_phone=&#8221;2vw|5vw||-5vw|false|false&#8221; custom_margin_last_edited=&#8221;on|phone&#8221; custom_padding=&#8221;3vw|3vw|6vw|3vw|false|true&#8221; global_colors_info=&#8221;{}&#8221; link_font_size__hover_enabled=&#8221;on|hover&#8221; link_font_size__hover=&#8221;1.1rem&#8221; link_text_color__hover_enabled=&#8221;on|hover&#8221; link_text_color__hover=&#8221;#FD6320&#8243;]<\/p>\n<h3 style=\"text-align: left\">Students<\/h3>\n<p><span>During their academic career, ESEV students can carry out part of their studies at a partner institution under the Erasmus+ mobility programme. Those interested should contact the<a href=\"https:\/\/esev.ipv.pt\/servicos\/gabinetes\/cooperacao-interinstitucional\/\"> Interinstitutional Cooperation Office<\/a>. <\/span><\/p>\n<p>[\/et_pb_text][et_pb_button button_url=&#8221;https:\/\/esev.ipv.pt\/wp-content\/uploads\/sites\/9\/2025\/07\/Saidas_estudantes_ESEV_24-25_v2.pdf&#8221; url_new_window=&#8221;on&#8221; button_text=&#8221;List 2024-2025&#8243; disabled_on=&#8221;off|off|off&#8221; _builder_version=&#8221;4.27.5&#8243; _module_preset=&#8221;default&#8221; button_text_size=&#8221;1rem&#8221; button_bg_color=&#8221;RGBA(255,255,255,0)&#8221; button_border_width=&#8221;2px&#8221; button_border_color=&#8221;#FD6320&#8243; button_border_radius=&#8221;0px&#8221; button_letter_spacing=&#8221;0px&#8221; button_font=&#8221;PV Sans Regular|||on|||||&#8221; button_use_icon=&#8221;off&#8221; z_index=&#8221;1&#8243; background_layout=&#8221;dark&#8221; custom_margin=&#8221;-7vw|0vw||-2vw|false|false&#8221; custom_padding=&#8221;12px|2vw|12px|2vw|true|true&#8221; hover_enabled=&#8221;0&#8243; button_border_color_tablet=&#8221;#FD6320&#8243; button_border_color_phone=&#8221;#FD6320&#8243; button_border_color_last_edited=&#8221;on|desktop&#8221; locked=&#8221;off&#8221; global_colors_info=&#8221;{}&#8221; button_border_color__hover_enabled=&#8221;on|hover&#8221; button_border_color__hover=&#8221;#FD6320&#8243; button_bg_color__hover=&#8221;#FD6320&#8243; button_text_color__hover_enabled=&#8221;on|hover&#8221; sticky_enabled=&#8221;0&#8243;][\/et_pb_button][\/et_pb_column][\/et_pb_row][et_pb_row column_structure=&#8221;1_2,1_2&#8243; _builder_version=&#8221;4.21.0&#8243; _module_preset=&#8221;default&#8221; max_width=&#8221;1920px&#8221; custom_padding=&#8221;0px|10%|0px|10%|false|true&#8221; locked=&#8221;off&#8221; global_colors_info=&#8221;{}&#8221;][et_pb_column type=&#8221;1_2&#8243; _builder_version=&#8221;4.21.0&#8243; _module_preset=&#8221;default&#8221; position_origin_a=&#8221;center_left&#8221; position_origin_f=&#8221;center_center&#8221; z_index=&#8221;10&#8243; global_colors_info=&#8221;{}&#8221;][et_pb_text _builder_version=&#8221;4.25.2&#8243; _module_preset=&#8221;default&#8221; link_font=&#8221;PV Sans Bold|||||||#2B2E34|&#8221; link_text_color=&#8221;#2B2E34&#8243; header_3_font=&#8221;PV Sans Regular||||||||&#8221; header_3_font_size=&#8221;2.4rem&#8221; background_color=&#8221;#f6f6f6&#8243; z_index=&#8221;1&#8243; custom_margin=&#8221;1vw|-5vw||0vw|false|false&#8221; custom_padding=&#8221;3vw|3vw|6vw|3vw|false|true&#8221; locked=&#8221;off&#8221; global_colors_info=&#8221;{}&#8221; link_text_color__hover_enabled=&#8221;on|hover&#8221; link_text_color__hover=&#8221;#FD6320&#8243; link_font_size__hover_enabled=&#8221;on|hover&#8221; link_font_size__hover=&#8221;1.1rem&#8221;]<\/p>\n<h3>Teaching staff<\/h3>\n<p><span>Through the Erasmus+ Programme, ESEV offers teaching opportunities to all its teachers. This activity allows them to carry out  <\/span><span>short-term teaching assignment at a European university<\/span>. <span>Interested parties should contact the<\/span> <a href=\"https:\/\/esev.ipv.pt\/servicos\/gabinetes\/cooperacao-interinstitucional\/\">Interinstitutional Cooperation Office<\/a>.<\/p>\n<p>&nbsp;<\/p>\n<p>[\/et_pb_text][et_pb_button button_url=&#8221;https:\/\/esev.ipv.pt\/wp-content\/uploads\/sites\/9\/2025\/07\/Saidas_docentes_ESEV_24-25.pdf&#8221; url_new_window=&#8221;on&#8221; button_text=&#8221;List 2024-2025&#8243; disabled_on=&#8221;off|off|off&#8221; _builder_version=&#8221;4.27.5&#8243; _module_preset=&#8221;default&#8221; button_text_size=&#8221;1rem&#8221; button_bg_color=&#8221;RGBA(255,255,255,0)&#8221; button_border_width=&#8221;2px&#8221; button_border_color=&#8221;#FD6320&#8243; button_border_radius=&#8221;0px&#8221; button_letter_spacing=&#8221;0px&#8221; button_font=&#8221;PV Sans Regular|||on|||||&#8221; button_use_icon=&#8221;off&#8221; z_index=&#8221;1&#8243; background_layout=&#8221;dark&#8221; custom_margin=&#8221;-7vw|0vw||3vw|false|false&#8221; custom_padding=&#8221;12px|2vw|12px|2vw|true|true&#8221; hover_enabled=&#8221;0&#8243; button_border_color_tablet=&#8221;#FD6320&#8243; button_border_color_phone=&#8221;#FD6320&#8243; button_border_color_last_edited=&#8221;on|desktop&#8221; locked=&#8221;off&#8221; global_colors_info=&#8221;{}&#8221; button_border_color__hover_enabled=&#8221;on|hover&#8221; button_border_color__hover=&#8221;#FD6320&#8243; button_bg_color__hover=&#8221;#FD6320&#8243; button_border_width__hover_enabled=&#8221;on|desktop&#8221; button_text_color__hover=&#8221;#FFFFFF&#8221; button_border_width__hover=&#8221;2px&#8221; sticky_enabled=&#8221;0&#8243;][\/et_pb_button][\/et_pb_column][et_pb_column type=&#8221;1_2&#8243; _builder_version=&#8221;4.21.0&#8243; _module_preset=&#8221;default&#8221; positioning=&#8221;none&#8221; global_colors_info=&#8221;{}&#8221;][et_pb_image src=&#8221;https:\/\/esev.ipv.pt\/wp-content\/uploads\/sites\/9\/2024\/03\/inscricoes-scaled.jpg&#8221; alt=&#8221;Registration&#8221; title_text=&#8221;inscricoes&#8221; _builder_version=&#8221;4.25.2&#8243; _module_preset=&#8221;default&#8221; background_image=&#8221;https:\/\/esev.ipv.pt\/wp-content\/uploads\/sites\/9\/2024\/03\/students-3-scaled.jpg&#8221; z_index=&#8221;0&#8243; custom_margin=&#8221;|-4vw||0px|false|false&#8221; custom_padding=&#8221;0px||0px||false|false&#8221; global_colors_info=&#8221;{}&#8221;][\/et_pb_image][\/et_pb_column][\/et_pb_row][et_pb_row column_structure=&#8221;1_2,1_2&#8243; _builder_version=&#8221;4.21.0&#8243; _module_preset=&#8221;default&#8221; max_width=&#8221;1920px&#8221; custom_padding=&#8221;0px|10%|0px|10%|false|true&#8221; locked=&#8221;off&#8221; global_colors_info=&#8221;{}&#8221;][et_pb_column type=&#8221;1_2&#8243; _builder_version=&#8221;4.21.0&#8243; _module_preset=&#8221;default&#8221; global_colors_info=&#8221;{}&#8221;][et_pb_image src=&#8221;https:\/\/esev.ipv.pt\/wp-content\/uploads\/sites\/9\/2024\/03\/students-3-scaled.jpg&#8221; alt=&#8221;Students computer&#8221; title_text=&#8221;students-3&#8243; _builder_version=&#8221;4.25.2&#8243; _module_preset=&#8221;default&#8221; custom_margin=&#8221;1vw|0vw||0vw|false|false&#8221; custom_padding=&#8221;0vw||0vw|0vw|true|false&#8221; global_colors_info=&#8221;{}&#8221;][\/et_pb_image][\/et_pb_column][et_pb_column type=&#8221;1_2&#8243; _builder_version=&#8221;4.21.0&#8243; _module_preset=&#8221;default&#8221; global_colors_info=&#8221;{}&#8221;][et_pb_text _builder_version=&#8221;4.27.4&#8243; _module_preset=&#8221;default&#8221; link_font=&#8221;PV Sans Bold||||||||&#8221; link_text_color=&#8221;#2B2E34&#8243; header_3_font=&#8221;PV Sans Regular||||||||&#8221; header_3_font_size=&#8221;2.4rem&#8221; background_color=&#8221;#f6f6f6&#8243; z_index=&#8221;-1&#8243; custom_margin=&#8221;2vw|-4vw||-5vw|false|false&#8221; custom_margin_tablet=&#8221;2vw|5vw||-5vw|false|false&#8221; custom_margin_phone=&#8221;2vw|5vw||-5vw|false|false&#8221; custom_margin_last_edited=&#8221;on|phone&#8221; custom_padding=&#8221;3vw|3vw|5vw|3vw|false|true&#8221; link_font_size_tablet=&#8221;1rem&#8221; link_font_size_phone=&#8221;1rem&#8221; link_font_size_last_edited=&#8221;on|desktop&#8221; locked=&#8221;off&#8221; global_colors_info=&#8221;{}&#8221; link_text_color__hover_enabled=&#8221;on|hover&#8221; link_text_color__hover=&#8221;#FD6320&#8243; link_font_size__hover_enabled=&#8221;on|desktop&#8221; link_font_size__hover=&#8221;1.1rem&#8221;]<\/p>\n<h3>Non-teaching staff<\/h3>\n<p>Through the Erasmus+ Programme, ESEV offers training opportunities for non-teaching staff at a European institution. <span>Those interested should contact the<\/span> <a href=\"https:\/\/esev.ipv.pt\/servicos\/gabinetes\/cooperacao-interinstitucional\/\">Interinstitutional Cooperation Office<\/a>.<\/p>\n<p>&nbsp;<\/p>\n<p>[\/et_pb_text][et_pb_button button_url=&#8221;https:\/\/esev.ipv.pt\/wp-content\/uploads\/sites\/9\/2025\/07\/Selecao_Nao_docentes_24-25_ESEV.pdf&#8221; url_new_window=&#8221;on&#8221; button_text=&#8221;List 2024-2025&#8243; disabled_on=&#8221;off|off|off&#8221; _builder_version=&#8221;4.27.5&#8243; _module_preset=&#8221;default&#8221; button_text_size=&#8221;1rem&#8221; button_bg_color=&#8221;RGBA(255,255,255,0)&#8221; button_border_width=&#8221;2px&#8221; button_border_color=&#8221;#FD6320&#8243; button_border_radius=&#8221;0px&#8221; button_letter_spacing=&#8221;0px&#8221; button_font=&#8221;PV Sans Regular|||on|||||&#8221; button_use_icon=&#8221;off&#8221; z_index=&#8221;1&#8243; background_layout=&#8221;dark&#8221; custom_margin=&#8221;-7vw|0vw||-2vw|false|false&#8221; custom_padding=&#8221;12px|2vw|12px|2vw|true|true&#8221; hover_enabled=&#8221;0&#8243; button_border_color_tablet=&#8221;#FD6320&#8243; button_border_color_phone=&#8221;#FD6320&#8243; button_border_color_last_edited=&#8221;on|desktop&#8221; locked=&#8221;off&#8221; global_colors_info=&#8221;{}&#8221; button_border_color__hover_enabled=&#8221;on|hover&#8221; button_border_color__hover=&#8221;#FD6320&#8243; button_bg_color__hover=&#8221;#FD6320&#8243; button_text_color__hover_enabled=&#8221;on|hover&#8221; sticky_enabled=&#8221;0&#8243;][\/et_pb_button][\/et_pb_column][\/et_pb_row][\/et_pb_section][et_pb_section fb_built=&#8221;1&#8243; _builder_version=&#8221;4.21.0&#8243; _module_preset=&#8221;default&#8221; global_colors_info=&#8221;{}&#8221;][et_pb_row column_structure=&#8221;1_4,3_4&#8243; _builder_version=&#8221;4.21.0&#8243; _module_preset=&#8221;default&#8221; max_width=&#8221;1920px&#8221; global_colors_info=&#8221;{}&#8221;][et_pb_column type=&#8221;1_4&#8243; _builder_version=&#8221;4.21.0&#8243; _module_preset=&#8221;default&#8221; global_colors_info=&#8221;{}&#8221;][et_pb_text _builder_version=&#8221;4.21.0&#8243; _module_preset=&#8221;default&#8221; header_2_font=&#8221;PV Sans Regular||||||||&#8221; header_2_text_color=&#8221;#FD6320&#8243; header_2_font_size=&#8221;2.8rem&#8221; header_3_font=&#8221;PV Sans Regular||||||||&#8221; header_3_font_size=&#8221;2.6rem&#8221; header_4_font=&#8221;PV Sans Regular||||||||&#8221; header_4_text_color=&#8221;#FD6320&#8243; header_4_font_size=&#8221;2.8rem&#8221; custom_margin=&#8221;||18px|||&#8221; global_colors_info=&#8221;{}&#8221;]<\/p>\n<h3>Mobility history<\/h3>\n<p>[\/et_pb_text][et_pb_divider _builder_version=&#8221;4.21.0&#8243; _module_preset=&#8221;default&#8221; custom_margin=&#8221;-18px|||||&#8221; locked=&#8221;off&#8221; global_colors_info=&#8221;{}&#8221;][\/et_pb_divider][\/et_pb_column][et_pb_column type=&#8221;3_4&#8243; _builder_version=&#8221;4.21.0&#8243; _module_preset=&#8221;default&#8221; global_colors_info=&#8221;{}&#8221;][et_pb_accordion closed_toggle_text_color=&#8221;#2B2E34&#8243; _builder_version=&#8221;4.27.5&#8243; _module_preset=&#8221;3051b840-68c1-44e2-b8c9-8a2079d6b1f5&#8243; toggle_font_size=&#8221;1.4rem&#8221; closed_toggle_font_size=&#8221;1rem&#8221; body_link_font=&#8221;|||||||#FD6320|&#8221; body_link_text_color=&#8221;#2B2E34&#8243; hover_enabled=&#8221;0&#8243; locked=&#8221;off&#8221; global_colors_info=&#8221;{}&#8221; body_link_font_size__hover_enabled=&#8221;on|hover&#8221; body_link_font_size__hover=&#8221;&#8221; sticky_enabled=&#8221;0&#8243;][et_pb_accordion_item open=&#8221;on&#8221; icon_font_size=&#8221;0px&#8221; _builder_version=&#8221;4.27.4&#8243; _module_preset=&#8221;default&#8221; border_width_top=&#8221;0px&#8221; border_width_bottom=&#8221;0px&#8221; global_colors_info=&#8221;{}&#8221; toggle_level=&#8221;h3&#8243; toggle_font=&#8221;PV Sans Bold|900|||||||&#8221;][\/et_pb_accordion_item][et_pb_accordion_item title=&#8221;Teaching Mobility (incoming) &#8221; _builder_version=&#8221;4.27.5&#8243; _module_preset=&#8221;default&#8221; body_link_font=&#8221;PV Sans Regular|||||||#2B2E34|&#8221; body_link_line_height=&#8221;0em&#8221; hover_enabled=&#8221;0&#8243; global_colors_info=&#8221;{}&#8221; toggle_level=&#8221;h3&#8243; toggle_font_size=&#8221;1.4rem&#8221; toggle_icon__hover_enabled=&#8221;on|desktop&#8221; body_link_text_color__hover_enabled=&#8221;on|hover&#8221; body_link_text_color__hover=&#8221;#FD6320&#8243; open=&#8221;off&#8221; sticky_enabled=&#8221;0&#8243;]<\/p>\n<p><a href=\"https:\/\/esev.ipv.pt\/wp-content\/uploads\/sites\/9\/2023\/11\/quadro_resumo_23_vnovembro.pdf\"><\/a><a href=\"https:\/\/esev.ipv.pt\/wp-content\/uploads\/sites\/9\/2025\/01\/quadro_resumo_23-24.pdf\" target=\"_blank\" rel=\"noopener\">Summary table 2024<\/a><a href=\"https:\/\/esev.ipv.pt\/wp-content\/uploads\/sites\/9\/2023\/11\/quadro_resumo_23_vnovembro.pdf\"><\/a><br \/><a href=\"https:\/\/esev.ipv.pt\/wp-content\/uploads\/sites\/9\/2023\/11\/quadro_resumo_23_vnovembro.pdf\">Summary table 2023<\/a><br \/><a href=\"https:\/\/esev.ipv.pt\/wp-content\/uploads\/sites\/9\/2023\/11\/quadro_resumo_22.pdf\">Summary table 2022<\/a><br \/><a href=\"https:\/\/esev.ipv.pt\/wp-content\/uploads\/sites\/9\/2023\/11\/quadro_resumo20.pdf\">Summary table 2020<\/a><br \/><a href=\"https:\/\/esev.ipv.pt\/wp-content\/uploads\/sites\/9\/2023\/11\/quadro_resumo19.pdf\">Summary table 2019<\/a><br \/><a href=\"https:\/\/esev.ipv.pt\/wp-content\/uploads\/sites\/9\/2023\/11\/quadroresumo18.pdf\">Summary table 2018<\/a><br \/><a href=\"https:\/\/esev.ipv.pt\/wp-content\/uploads\/sites\/9\/2023\/11\/quadro_resumo17_15_09_2017.pdf\">Summary table 2017<\/a><br \/><a href=\"https:\/\/esev.ipv.pt\/wp-content\/uploads\/sites\/9\/2023\/11\/quadroresumo16.pdf\">Summary table 2016<\/a><br \/><a href=\"https:\/\/esev.ipv.pt\/wp-content\/uploads\/sites\/9\/2023\/11\/quadro_resumo15.pdf\">Summary table 2015<\/a><\/p>\n<p>[\/et_pb_accordion_item][et_pb_accordion_item title=&#8221;Teaching Mobility (outgoing)&#8221; _builder_version=&#8221;4.27.5&#8243; _module_preset=&#8221;default&#8221; body_link_font=&#8221;PV Sans Regular|||||||#2B2E34|&#8221; body_link_line_height=&#8221;0em&#8221; hover_enabled=&#8221;0&#8243; global_colors_info=&#8221;{}&#8221; toggle_level=&#8221;h3&#8243; toggle_font_size=&#8221;1.4rem&#8221; toggle_icon__hover_enabled=&#8221;on|desktop&#8221; body_link_text_color__hover=&#8221;#FD6320&#8243; body_link_text_color__hover_enabled=&#8221;on|hover&#8221; open=&#8221;off&#8221; sticky_enabled=&#8221;0&#8243;]<\/p>\n<p><a href=\"https:\/\/esev.ipv.pt\/wp-content\/uploads\/sites\/9\/2024\/07\/Saidas_prof_ESEV_23_24.pdf\" target=\"_blank\" rel=\"noopener\">Summary table 2023-2024<\/a><br \/><a href=\"https:\/\/esev.ipv.pt\/wp-content\/uploads\/sites\/9\/2023\/11\/Saidas_docentes_22-23.pdf\" target=\"_blank\" rel=\"noopener\">Summary table 2022-2023<\/a><br \/><a href=\"https:\/\/esev.ipv.pt\/wp-content\/uploads\/sites\/9\/2023\/11\/MOBILIDADE_DOCENTE_Erasmus_2021_2022.pdf\" target=\"_blank\" rel=\"noopener\">Summary table 2021-2022<\/a><br \/><a href=\"https:\/\/esev.ipv.pt\/wp-content\/uploads\/sites\/9\/2023\/11\/Selecao_candidatos_ESEV_19-20.pdf\" target=\"_blank\" rel=\"noopener\">Summary table 2019-2020<\/a><br \/><a href=\"https:\/\/esev.ipv.pt\/wp-content\/uploads\/sites\/9\/2023\/11\/mobilidade_docente_18_19.pdf\" target=\"_blank\" rel=\"noopener\">Summary table 2018-2019<\/a><br \/><a href=\"https:\/\/esev.ipv.pt\/wp-content\/uploads\/sites\/9\/2023\/11\/Selecao_mobilidade_docente_23_01_2018.pdf\" target=\"_blank\" rel=\"noopener\">Summary table 2017-2018<\/a><br \/><a href=\"https:\/\/esev.ipv.pt\/wp-content\/uploads\/sites\/9\/2023\/11\/Selecao_mobilidade_docente_05_09_2017.pdf\" target=\"_blank\" rel=\"noopener\">Summary table 2016-2017<\/a><br \/><a href=\"https:\/\/esev.ipv.pt\/wp-content\/uploads\/sites\/9\/2023\/11\/Selecao_Mobilidade_docentes_23_11_2015.pdf\" target=\"_blank\" rel=\"noopener\">Summary table 2015-2016<\/a><\/p>\n<p>[\/et_pb_accordion_item][et_pb_accordion_item title=&#8221;Non-teaching staff mobility&#8221; _builder_version=&#8221;4.27.5&#8243; _module_preset=&#8221;default&#8221; body_link_font=&#8221;PV Sans Regular|||||||#2B2E34|&#8221; body_link_line_height=&#8221;0em&#8221; hover_enabled=&#8221;0&#8243; global_colors_info=&#8221;{}&#8221; toggle_level=&#8221;h3&#8243; toggle_font_size=&#8221;1.4rem&#8221; toggle_icon__hover_enabled=&#8221;on|desktop&#8221; body_link_text_color__hover=&#8221;#FD6320&#8243; body_link_text_color__hover_enabled=&#8221;on|hover&#8221; open=&#8221;off&#8221; sticky_enabled=&#8221;0&#8243;]<\/p>\n<p><a href=\"https:\/\/esev.ipv.pt\/wp-content\/uploads\/sites\/9\/2023\/11\/Selecao_nao_docente22-23.pdf\"><\/a><a href=\"https:\/\/esev.ipv.pt\/wp-content\/uploads\/sites\/9\/2024\/03\/Quadro_saidas_nao_docentes_23-24.pdf\" target=\"_blank\" rel=\"noopener\">Ranking and selection of candidates 2023-2024<\/a><br \/><a href=\"https:\/\/esev.ipv.pt\/wp-content\/uploads\/sites\/9\/2023\/11\/Selecao_nao_docente22-23.pdf\">Ranking and selection of candidates 2022-2023<\/a><br \/><a href=\"https:\/\/esev.ipv.pt\/wp-content\/uploads\/sites\/9\/2023\/11\/Selecao_mobilidade_nao_docente_17_18.pdf\">Ranking and selection of candidates 2017-2018<\/a><br \/><a href=\"https:\/\/esev.ipv.pt\/wp-content\/uploads\/sites\/9\/2023\/11\/Selecao_mobilidade_nao_docente_15_09_2017.pdf\">Ranking and selection of candidates 2016-2017<\/a><br \/><a href=\"https:\/\/esev.ipv.pt\/wp-content\/uploads\/sites\/9\/2023\/11\/Anne.xlsx\">Ranking and selection of candidates 2010<\/a><br \/><a href=\"https:\/\/esev.ipv.pt\/wp-content\/uploads\/sites\/9\/2023\/11\/Anne.pdf\">Summary table 2010<\/a><\/p>\n<p>[\/et_pb_accordion_item][et_pb_accordion_item title=&#8221;ESEV Student Mobility &#8211; Foreign Countries&#8221; _builder_version=&#8221;4.27.5&#8243; _module_preset=&#8221;default&#8221; body_link_font=&#8221;PV Sans Regular|||||||#2B2E34|&#8221; body_link_line_height=&#8221;0em&#8221; hover_enabled=&#8221;0&#8243; global_colors_info=&#8221;{}&#8221; toggle_level=&#8221;h3&#8243; toggle_font_size=&#8221;1.4rem&#8221; toggle_icon__hover_enabled=&#8221;on|desktop&#8221; body_link_text_color__hover=&#8221;#FD6320&#8243; body_link_text_color__hover_enabled=&#8221;on|hover&#8221; open=&#8221;off&#8221; sticky_enabled=&#8221;0&#8243;]<\/p>\n<p><a href=\"https:\/\/esev.ipv.pt\/wp-content\/uploads\/sites\/9\/2023\/11\/Saidas_outgoing_23-24_ESEV.pdf\">Erasmus student scholarship selection 2023-2024<\/a><br \/><a href=\"https:\/\/esev.ipv.pt\/wp-content\/uploads\/sites\/9\/2023\/11\/Saidas_estudantes_ESEV_22-23.pdf\">Erasmus student scholarship selection 2022-2023<\/a><br \/><a href=\"https:\/\/esev.ipv.pt\/wp-content\/uploads\/sites\/9\/2023\/11\/estudantes_outgoing_21-22__ESEV_estudo.pdf\">Erasmus student scholarship selection period 2021-2022<\/a><br \/><a href=\"https:\/\/esev.ipv.pt\/wp-content\/uploads\/sites\/9\/2023\/11\/Selecao_alunos_estudos_20-21_ESEV1.pdf\">Erasmus student scholarship selection period 2020-2021<\/a><br \/><a href=\"https:\/\/esev.ipv.pt\/wp-content\/uploads\/sites\/9\/2023\/11\/SelecaoEstudos2018-2019v2.pdf\">Erasmus student scholarship selection period 2018-2019<\/a><br \/><a href=\"https:\/\/esev.ipv.pt\/wp-content\/uploads\/sites\/9\/2023\/11\/Selecao_Erasmus_outgoing_Estudos_2017-2018.pdf\">Erasmus student scholarship selection period 2017-2018<\/a><br \/><a href=\"https:\/\/esev.ipv.pt\/wp-content\/uploads\/sites\/9\/2023\/11\/SelecaoEstudos2016-2017.06.12.16.pdf\">Erasmus student scholarship selection period 2016-2017<\/a><\/p>\n<p>[\/et_pb_accordion_item][et_pb_accordion_item title=&#8221;Mobilidade Alunos ESEV \u2013 Estrangeiro (est\u00e1gio) &#8221; _builder_version=&#8221;4.27.5&#8243; _module_preset=&#8221;default&#8221; body_link_font=&#8221;PV Sans Regular|||||||#2B2E34|&#8221; body_link_line_height=&#8221;0em&#8221; hover_enabled=&#8221;0&#8243; global_colors_info=&#8221;{}&#8221; toggle_level=&#8221;h3&#8243; toggle_font_size=&#8221;1.4rem&#8221; toggle_icon__hover_enabled=&#8221;on|desktop&#8221; body_link_text_color__hover=&#8221;#FD6320&#8243; body_link_text_color__hover_enabled=&#8221;on|hover&#8221; open=&#8221;off&#8221; sticky_enabled=&#8221;0&#8243;]<\/p>\n<p><a href=\"https:\/\/esev.ipv.pt\/wp-content\/uploads\/sites\/9\/2023\/11\/estudantes_outgoing_21-22__ESEV_estagio.pdf\">Selection of Erasmus students for traineeships 2021-2022 <\/a><br \/><a href=\"https:\/\/esev.ipv.pt\/wp-content\/uploads\/sites\/9\/2023\/11\/Selecao_alunos_estagios_20-21_ESEV.pdf\">Selection of Erasmus students for traineeships 2020-2021<\/a><br \/><a href=\"https:\/\/esev.ipv.pt\/wp-content\/uploads\/sites\/9\/2023\/11\/SelecaoEstagio2016-2017.16.12.16.pdf\">Selection of Erasmus students for traineeships 2018-2019<\/a><br \/><a href=\"https:\/\/esev.ipv.pt\/wp-content\/uploads\/sites\/9\/2023\/11\/SelecaoEstagio2016-2017.16.12.161.pdf\">Selection of Erasmus students for traineeships 2016-2017<\/a><\/p>\n<p>[\/et_pb_accordion_item][et_pb_accordion_item title=&#8221;Foreign Student Mobility \u2013 ESEV&#8221; _builder_version=&#8221;4.27.5&#8243; _module_preset=&#8221;default&#8221; body_link_font=&#8221;PV Sans Regular|||||||#2B2E34|&#8221; body_link_line_height=&#8221;0em&#8221; hover_enabled=&#8221;0&#8243; global_colors_info=&#8221;{}&#8221; toggle_level=&#8221;h3&#8243; toggle_font_size=&#8221;1.4rem&#8221; toggle_icon__hover_enabled=&#8221;on|desktop&#8221; body_link_text_color__hover=&#8221;#FD6320&#8243; body_link_text_color__hover_enabled=&#8221;on|hover&#8221; open=&#8221;off&#8221; sticky_enabled=&#8221;0&#8243;]<\/p>\n<p><a href=\"https:\/\/esev.ipv.pt\/wp-content\/uploads\/sites\/9\/2023\/11\/Incoming_2023_2024_p_ESEV_v1.pdf\">Erasmus students 2023\/2024<\/a><br \/><a href=\"https:\/\/esev.ipv.pt\/wp-content\/uploads\/sites\/9\/2023\/11\/incoming_2022_2023_maio.pdf\">Erasmus students 2022\/2023<\/a><br \/><a href=\"https:\/\/esev.ipv.pt\/wp-content\/uploads\/sites\/9\/2023\/11\/Incoming_ESEV_2021-2022_a.pdf\">Erasmus students 2021\/2022<\/a><br \/><a href=\"https:\/\/esev.ipv.pt\/wp-content\/uploads\/sites\/9\/2023\/11\/Incoming_2020-2021_b.pdf\">Erasmus students 2020\/2021<\/a><br \/><a href=\"https:\/\/esev.ipv.pt\/wp-content\/uploads\/sites\/9\/2023\/11\/Incoming-tutores-2019-20_a.pdf\">Erasmus students 2019\/2020<\/a><br \/><a href=\"https:\/\/esev.ipv.pt\/wp-content\/uploads\/sites\/9\/2023\/11\/Incomingtutores2018-19.pdf\">Erasmus students 2018\/2019<\/a><br \/><a href=\"https:\/\/esev.ipv.pt\/wp-content\/uploads\/sites\/9\/2023\/11\/incoming_tutores_contactos_2017-20181.pdf\">Erasmus students 2017\/2018<\/a><\/p>\n<p>[\/et_pb_accordion_item][\/et_pb_accordion][\/et_pb_column][\/et_pb_row][et_pb_row column_structure=&#8221;1_3,1_3,1_3&#8243; disabled_on=&#8221;on|on|on&#8221; _builder_version=&#8221;4.21.0&#8243; _module_preset=&#8221;default&#8221; background_enable_color=&#8221;off&#8221; background_enable_image=&#8221;off&#8221; custom_margin=&#8221;1vw||1vw||true|false&#8221; custom_padding=&#8221;0px|10%|0px|10%|true|true&#8221; disabled=&#8221;on&#8221; locked=&#8221;off&#8221; global_colors_info=&#8221;{}&#8221;][et_pb_column type=&#8221;1_3&#8243; _builder_version=&#8221;4.21.0&#8243; _module_preset=&#8221;default&#8221; global_colors_info=&#8221;{}&#8221;][et_pb_blurb title=&#8221;Sheet&#8221; use_icon=&#8221;on&#8221; font_icon=&#8221;&#xf5bb;||fa||900&#8243; _builder_version=&#8221;4.21.0&#8243; _module_preset=&#8221;default&#8221; header_font=&#8221;PV Sans Regular||||||||&#8221; header_text_color=&#8221;#FD6320&#8243; header_font_size=&#8221;1.2rem&#8221; body_text_align=&#8221;center&#8221; body_text_color=&#8221;#2B2E34&#8243; body_link_text_color=&#8221;#2B2E34&#8243; body_link_font_size=&#8221;1rem&#8221; background_color=&#8221;#f6f6f6&#8243; transform_translate_linked=&#8221;off&#8221; text_orientation=&#8221;center&#8221; background_layout=&#8221;dark&#8221; max_width=&#8221;370px&#8221; height=&#8221;324px&#8221; custom_margin=&#8221;0vw|0vw|0vw|0vw|true|true&#8221; custom_padding=&#8221;4vw|0vw|4vw|0vw|true|true&#8221; custom_padding_tablet=&#8221;4vw|0vw|4vw|0vw|true|true&#8221; custom_padding_phone=&#8221;4vw|4vw|4vw|4vw|true|true&#8221; custom_padding_last_edited=&#8221;on|phone&#8221; link_option_url=&#8221;https:\/\/esev.ipv.pt\/wp-content\/uploads\/sites\/9\/2023\/11\/PlanodeCreditacao.xlsx&#8221; border_radii=&#8221;on|16px|16px|16px|16px&#8221; box_shadow_style=&#8221;preset1&#8243; box_shadow_vertical=&#8221;8px&#8221; global_colors_info=&#8221;{}&#8221; body_text_color__hover_enabled=&#8221;on|desktop&#8221; body_text_color__hover=&#8221;#2B2E34&#8243; body_link_text_color__hover_enabled=&#8221;on|hover&#8221; body_link_text_color__hover=&#8221;#FD6320&#8243; body_link_font_size__hover_enabled=&#8221;on|desktop&#8221; body_link_font_size__hover=&#8221;1.1rem&#8221; transform_styles__hover_enabled=&#8221;on|hover&#8221; filter_opacity__hover_enabled=&#8221;on|desktop&#8221; filter_opacity__hover=&#8221;100%&#8221; filter_contrast__hover_enabled=&#8221;on|hover&#8221; filter_contrast__hover=&#8221;90%&#8221; transform_scale__hover_enabled=&#8221;on|hover&#8221; transform_translate__hover=&#8221;12px|-12px&#8221; transform_translate__hover_enabled=&#8221;on|hover&#8221; transform_rotate__hover_enabled=&#8221;on|desktop&#8221; transform_skew__hover_enabled=&#8221;on|desktop&#8221; transform_origin__hover_enabled=&#8221;on|desktop&#8221;]<\/p>\n<p>Model sheet for OUTcoming accreditation plans<\/p>\n<p>[\/et_pb_blurb][\/et_pb_column][et_pb_column type=&#8221;1_3&#8243; _builder_version=&#8221;4.21.0&#8243; _module_preset=&#8221;default&#8221; global_colors_info=&#8221;{}&#8221;][et_pb_blurb title=&#8221;Partners &#8221; use_icon=&#8221;on&#8221; font_icon=&#8221;&#xf2b5;||fa||400&#8243; _builder_version=&#8221;4.21.0&#8243; _module_preset=&#8221;default&#8221; header_font=&#8221;PV Sans Regular||||||||&#8221; header_text_color=&#8221;#FD6320&#8243; header_font_size=&#8221;1.2rem&#8221; body_text_align=&#8221;center&#8221; body_text_color=&#8221;#2B2E34&#8243; body_link_text_color=&#8221;#2B2E34&#8243; body_link_font_size=&#8221;1rem&#8221; background_color=&#8221;#f6f6f6&#8243; transform_translate_linked=&#8221;off&#8221; text_orientation=&#8221;center&#8221; background_layout=&#8221;dark&#8221; max_width=&#8221;370px&#8221; height=&#8221;324px&#8221; custom_margin=&#8221;0vw|0vw|0vw|0vw|true|true&#8221; custom_padding=&#8221;4vw|0vw|4vw|0vw|true|true&#8221; custom_padding_tablet=&#8221;4vw|0vw|4vw|0vw|true|true&#8221; custom_padding_phone=&#8221;4vw|4vw|4vw|4vw|true|true&#8221; custom_padding_last_edited=&#8221;on|phone&#8221; link_option_url=&#8221;https:\/\/esev.ipv.pt\/programas\/parceiros\/&#8221; link_option_url_new_window=&#8221;on&#8221; border_radii=&#8221;on|16px|16px|16px|16px&#8221; box_shadow_style=&#8221;preset1&#8243; box_shadow_vertical=&#8221;8px&#8221; global_colors_info=&#8221;{}&#8221; body_text_color__hover_enabled=&#8221;on|desktop&#8221; body_text_color__hover=&#8221;#2B2E34&#8243; body_link_text_color__hover_enabled=&#8221;on|hover&#8221; body_link_text_color__hover=&#8221;#FD6320&#8243; body_link_font_size__hover_enabled=&#8221;on|desktop&#8221; body_link_font_size__hover=&#8221;1.1rem&#8221; transform_styles__hover_enabled=&#8221;on|hover&#8221; filter_contrast__hover=&#8221;90%&#8221; filter_contrast__hover_enabled=&#8221;on|hover&#8221; filter_opacity__hover=&#8221;100%&#8221; filter_opacity__hover_enabled=&#8221;on|desktop&#8221; transform_scale__hover_enabled=&#8221;on|hover&#8221; transform_translate__hover=&#8221;12px|-12px&#8221; transform_translate__hover_enabled=&#8221;on|hover&#8221; transform_rotate__hover_enabled=&#8221;on|desktop&#8221; transform_skew__hover_enabled=&#8221;on|desktop&#8221; transform_origin__hover_enabled=&#8221;on|desktop&#8221;]<\/p>\n<p>School of Education<br \/>2024<a href=\"https:\/\/issuu.com\/veroniquedelplancq\/docs\/erasmus_2012\" target=\"_blank\" rel=\"noopener\"><\/a><\/p>\n<p>[\/et_pb_blurb][\/et_pb_column][et_pb_column type=&#8221;1_3&#8243; _builder_version=&#8221;4.21.0&#8243; _module_preset=&#8221;default&#8221; global_colors_info=&#8221;{}&#8221;][et_pb_blurb title=&#8221;Book&#8221; use_icon=&#8221;on&#8221; font_icon=&#8221;&#xe022;||divi||400&#8243; _builder_version=&#8221;4.21.0&#8243; _module_preset=&#8221;default&#8221; header_font=&#8221;PV Sans Regular||||||||&#8221; header_text_color=&#8221;#FD6320&#8243; header_font_size=&#8221;1.2rem&#8221; body_text_align=&#8221;center&#8221; body_text_color=&#8221;#2B2E34&#8243; body_link_text_color=&#8221;#2B2E34&#8243; body_link_font_size=&#8221;1rem&#8221; background_color=&#8221;#f6f6f6&#8243; transform_translate_linked=&#8221;off&#8221; text_orientation=&#8221;center&#8221; background_layout=&#8221;dark&#8221; max_width=&#8221;370px&#8221; height=&#8221;324px&#8221; custom_margin=&#8221;0vw|0vw|0vw|0vw|true|true&#8221; custom_padding=&#8221;4vw|0vw|4vw|0vw|true|true&#8221; custom_padding_tablet=&#8221;4vw|0vw|4vw|0vw|true|true&#8221; custom_padding_phone=&#8221;4vw|4vw|4vw|4vw|true|true&#8221; custom_padding_last_edited=&#8221;on|phone&#8221; link_option_url=&#8221;https:\/\/issuu.com\/veroniquedelplancq\/docs\/erasmus_2012&#8243; link_option_url_new_window=&#8221;on&#8221; border_radii=&#8221;on|16px|16px|16px|16px&#8221; box_shadow_style=&#8221;preset1&#8243; box_shadow_vertical=&#8221;8px&#8221; locked=&#8221;off&#8221; global_colors_info=&#8221;{}&#8221; body_text_color__hover_enabled=&#8221;on|desktop&#8221; body_text_color__hover=&#8221;#2B2E34&#8243; body_link_text_color__hover_enabled=&#8221;on|hover&#8221; body_link_text_color__hover=&#8221;#FD6320&#8243; body_link_font_size__hover_enabled=&#8221;on|desktop&#8221; body_link_font_size__hover=&#8221;1.1rem&#8221; transform_styles__hover_enabled=&#8221;on|hover&#8221; filter_contrast__hover=&#8221;90%&#8221; filter_contrast__hover_enabled=&#8221;on|hover&#8221; filter_opacity__hover=&#8221;100%&#8221; filter_opacity__hover_enabled=&#8221;on|desktop&#8221; transform_scale__hover_enabled=&#8221;on|hover&#8221; transform_translate__hover=&#8221;12px|-12px&#8221; transform_translate__hover_enabled=&#8221;on|hover&#8221; transform_rotate__hover_enabled=&#8221;on|desktop&#8221; transform_skew__hover_enabled=&#8221;on|desktop&#8221; transform_origin__hover_enabled=&#8221;on|desktop&#8221;]<\/p>\n<p>&#8220;Erasmus Testimonies&#8221; book<\/p>\n<p>[\/et_pb_blurb][\/et_pb_column][\/et_pb_row][\/et_pb_section][et_pb_section fb_built=&#8221;1&#8243; disabled_on=&#8221;on|on|on&#8221; module_id=&#8221;estudante-internacional&#8221; _builder_version=&#8221;4.21.0&#8243; _module_preset=&#8221;default&#8221; background_color=&#8221;#f9f9f9&#8243; custom_padding=&#8221;0px|||||&#8221; disabled=&#8221;on&#8221; locked=&#8221;off&#8221; global_colors_info=&#8221;{}&#8221;][et_pb_row disabled_on=&#8221;on|on|on&#8221; _builder_version=&#8221;4.21.0&#8243; _module_preset=&#8221;default&#8221; custom_padding=&#8221;50px|10%||10%|false|true&#8221; disabled=&#8221;on&#8221; global_colors_info=&#8221;{}&#8221;][et_pb_column type=&#8221;4_4&#8243; _builder_version=&#8221;4.21.0&#8243; _module_preset=&#8221;default&#8221; global_colors_info=&#8221;{}&#8221;][et_pb_text _builder_version=&#8221;4.21.0&#8243; _module_preset=&#8221;default&#8221; text_line_height=&#8221;1px&#8221; header_2_font=&#8221;PV Sans Regular||||||||&#8221; header_2_text_align=&#8221;center&#8221; header_2_font_size=&#8221;2rem&#8221; custom_margin=&#8221;0px||||false|false&#8221; custom_padding=&#8221;0px|||||&#8221; global_colors_info=&#8221;{}&#8221;][\/et_pb_text][et_pb_text _builder_version=&#8221;4.21.0&#8243; _module_preset=&#8221;default&#8221; text_line_height=&#8221;1px&#8221; header_2_font=&#8221;PV Sans Regular||||||||&#8221; header_2_text_align=&#8221;center&#8221; header_2_font_size=&#8221;2rem&#8221; header_3_font=&#8221;PV Sans Regular||||||||&#8221; header_3_text_color=&#8221;#FD6320&#8243; header_3_font_size=&#8221;2rem&#8221; custom_margin=&#8221;-24px||||false|false&#8221; custom_padding=&#8221;0px||||false|false&#8221; global_colors_info=&#8221;{}&#8221;]<\/p>\n<h3 style=\"text-align: center\">Education and Training<\/h3>\n<h3 style=\"text-align: center\">Lifelong Learning<\/h3>\n<p>[\/et_pb_text][\/et_pb_column][\/et_pb_row][et_pb_row column_structure=&#8221;1_3,1_3,1_3&#8243; disabled_on=&#8221;on|on|on&#8221; _builder_version=&#8221;4.21.0&#8243; _module_preset=&#8221;default&#8221; custom_padding=&#8221;49px|10%||10%|false|true&#8221; disabled=&#8221;on&#8221; global_colors_info=&#8221;{}&#8221;][et_pb_column type=&#8221;1_3&#8243; _builder_version=&#8221;4.21.0&#8243; _module_preset=&#8221;default&#8221; global_colors_info=&#8221;{}&#8221;][et_pb_blurb title=&#8221;Educa\u00e7\u00e3o &#8221; use_icon=&#8221;on&#8221; font_icon=&#8221;&#xf279;||fa||400&#8243; icon_placement=&#8221;left&#8221; _builder_version=&#8221;4.21.0&#8243; _module_preset=&#8221;default&#8221; header_font=&#8221;PV Sans Regular||||||||&#8221; header_text_color=&#8221;#FD6320&#8243; background_color=&#8221;rgba(244,244,242,0.86)&#8221; transform_translate_linked=&#8221;off&#8221; min_height=&#8221;159px&#8221; custom_padding=&#8221;30px|10%|30px|10%|true|true&#8221; border_radii=&#8221;on|16px|16px|16px|16px&#8221; box_shadow_style=&#8221;preset1&#8243; global_colors_info=&#8221;{}&#8221; custom_padding__hover=&#8221;44px|5%|44px|5%|true|true&#8221; custom_padding__hover_enabled=&#8221;on|desktop&#8221; transform_styles__hover_enabled=&#8221;on|hover&#8221; image_icon_custom_margin__hover=&#8221;0px||||false|false&#8221; image_icon_custom_margin__hover_enabled=&#8221;on|hover&#8221; header_font_size__hover=&#8221;1.1rem&#8221; header_font_size__hover_enabled=&#8221;on|hover&#8221; transform_scale__hover_enabled=&#8221;on|hover&#8221; transform_translate__hover=&#8221;4px|-12px&#8221; transform_translate__hover_enabled=&#8221;on|hover&#8221; transform_rotate__hover_enabled=&#8221;on|desktop&#8221; transform_skew__hover_enabled=&#8221;on|desktop&#8221; transform_origin__hover_enabled=&#8221;on|desktop&#8221; filter_contrast__hover=&#8221;106%&#8221; filter_contrast__hover_enabled=&#8221;on|hover&#8221; filter_opacity__hover=&#8221;100%&#8221; filter_opacity__hover_enabled=&#8221;on|hover&#8221; filter_blur__hover=&#8221;0px&#8221; filter_blur__hover_enabled=&#8221;on|hover&#8221;]<\/p>\n<p>O Quadro Europeu de Qualifica\u00e7\u00f5es para a aprendizagem ao longo da vida aprendizagem ao longo da vida<\/p>\n<p>[\/et_pb_blurb][\/et_pb_column][et_pb_column type=&#8221;1_3&#8243; _builder_version=&#8221;4.21.0&#8243; _module_preset=&#8221;default&#8221; global_colors_info=&#8221;{}&#8221;][et_pb_blurb title=&#8221;Program&#8221; use_icon=&#8221;on&#8221; font_icon=&#8221;&#xf279;||fa||400&#8243; icon_placement=&#8221;left&#8221; _builder_version=&#8221;4.21.0&#8243; _module_preset=&#8221;default&#8221; header_font=&#8221;PV Sans Regular||||||||&#8221; header_text_color=&#8221;#FD6320&#8243; background_color=&#8221;rgba(244,244,242,0.86)&#8221; transform_translate_linked=&#8221;off&#8221; min_height=&#8221;159px&#8221; custom_padding=&#8221;30px|10%|30px|10%|true|true&#8221; border_radii=&#8221;on|16px|16px|16px|16px&#8221; box_shadow_style=&#8221;preset1&#8243; locked=&#8221;off&#8221; global_colors_info=&#8221;{}&#8221; custom_padding__hover=&#8221;44px|5%|44px|5%|true|true&#8221; custom_padding__hover_enabled=&#8221;on|desktop&#8221; transform_styles__hover_enabled=&#8221;on|hover&#8221; image_icon_custom_margin__hover=&#8221;0px||||false|false&#8221; image_icon_custom_margin__hover_enabled=&#8221;on|hover&#8221; header_font_size__hover=&#8221;1.1rem&#8221; header_font_size__hover_enabled=&#8221;on|hover&#8221; transform_scale__hover_enabled=&#8221;on|hover&#8221; transform_translate__hover=&#8221;4px|-12px&#8221; transform_translate__hover_enabled=&#8221;on|hover&#8221; transform_rotate__hover_enabled=&#8221;on|desktop&#8221; transform_skew__hover_enabled=&#8221;on|desktop&#8221; transform_origin__hover_enabled=&#8221;on|desktop&#8221; filter_contrast__hover=&#8221;106%&#8221; filter_contrast__hover_enabled=&#8221;on|hover&#8221; filter_opacity__hover=&#8221;100%&#8221; filter_opacity__hover_enabled=&#8221;on|hover&#8221; filter_blur__hover=&#8221;0px&#8221; filter_blur__hover_enabled=&#8221;on|hover&#8221;]<\/p>\n<p>Programa de ac\u00e7\u00e3o no dom\u00ednio da aprendizagem ao longo da vida (Decis\u00e3o 2006\/1720\/Ce)<\/p>\n<p>[\/et_pb_blurb][\/et_pb_column][et_pb_column type=&#8221;1_3&#8243; _builder_version=&#8221;4.21.0&#8243; _module_preset=&#8221;default&#8221; global_colors_info=&#8221;{}&#8221;][et_pb_blurb title=&#8221;Compet\u00eancias&#8221; use_icon=&#8221;on&#8221; font_icon=&#8221;&#xf279;||fa||400&#8243; icon_placement=&#8221;left&#8221; _builder_version=&#8221;4.21.0&#8243; _module_preset=&#8221;default&#8221; header_font=&#8221;PV Sans Regular||||||||&#8221; header_text_color=&#8221;#FD6320&#8243; background_color=&#8221;rgba(244,244,242,0.86)&#8221; transform_translate_linked=&#8221;off&#8221; min_height=&#8221;159px&#8221; custom_padding=&#8221;30px|10%|30px|10%|true|true&#8221; border_radii=&#8221;on|16px|16px|16px|16px&#8221; box_shadow_style=&#8221;preset1&#8243; global_colors_info=&#8221;{}&#8221; custom_padding__hover=&#8221;44px|5%|44px|5%|true|true&#8221; custom_padding__hover_enabled=&#8221;on|desktop&#8221; transform_styles__hover_enabled=&#8221;on|hover&#8221; image_icon_custom_margin__hover=&#8221;0px||||false|false&#8221; image_icon_custom_margin__hover_enabled=&#8221;on|hover&#8221; header_font_size__hover=&#8221;1.1rem&#8221; header_font_size__hover_enabled=&#8221;on|hover&#8221; transform_scale__hover_enabled=&#8221;on|hover&#8221; transform_translate__hover=&#8221;4px|-12px&#8221; transform_translate__hover_enabled=&#8221;on|hover&#8221; transform_rotate__hover_enabled=&#8221;on|desktop&#8221; transform_skew__hover_enabled=&#8221;on|desktop&#8221; transform_origin__hover_enabled=&#8221;on|desktop&#8221; filter_contrast__hover=&#8221;106%&#8221; filter_contrast__hover_enabled=&#8221;on|hover&#8221; filter_opacity__hover=&#8221;100%&#8221; filter_opacity__hover_enabled=&#8221;on|hover&#8221; filter_blur__hover=&#8221;0px&#8221; filter_blur__hover_enabled=&#8221;on|hover&#8221;]Compet\u00eancias essenciais para a aprendizagem ao longo da vida[\/et_pb_blurb][\/et_pb_column][\/et_pb_row][et_pb_row column_structure=&#8221;1_3,1_3,1_3&#8243; disabled_on=&#8221;on|on|on&#8221; _builder_version=&#8221;4.21.0&#8243; _module_preset=&#8221;default&#8221; disabled=&#8221;on&#8221; global_colors_info=&#8221;{}&#8221;][et_pb_column type=&#8221;1_3&#8243; _builder_version=&#8221;4.21.0&#8243; _module_preset=&#8221;default&#8221; global_colors_info=&#8221;{}&#8221;][et_pb_blurb title=&#8221;Candidatura &#8221; use_icon=&#8221;on&#8221; font_icon=&#8221;&#xf279;||fa||400&#8243; icon_placement=&#8221;left&#8221; _builder_version=&#8221;4.21.0&#8243; _module_preset=&#8221;default&#8221; header_font=&#8221;PV Sans Regular||||||||&#8221; header_text_color=&#8221;#FD6320&#8243; background_color=&#8221;rgba(244,244,242,0.86)&#8221; transform_translate_linked=&#8221;off&#8221; min_height=&#8221;159px&#8221; custom_padding=&#8221;30px|10%|30px|10%|true|true&#8221; border_radii=&#8221;on|16px|16px|16px|16px&#8221; box_shadow_style=&#8221;preset1&#8243; global_colors_info=&#8221;{}&#8221; custom_padding__hover=&#8221;44px|5%|44px|5%|true|true&#8221; custom_padding__hover_enabled=&#8221;on|desktop&#8221; transform_styles__hover_enabled=&#8221;on|hover&#8221; image_icon_custom_margin__hover=&#8221;0px||||false|false&#8221; image_icon_custom_margin__hover_enabled=&#8221;on|hover&#8221; header_font_size__hover=&#8221;1.1rem&#8221; header_font_size__hover_enabled=&#8221;on|hover&#8221; transform_scale__hover_enabled=&#8221;on|hover&#8221; transform_translate__hover=&#8221;4px|-12px&#8221; transform_translate__hover_enabled=&#8221;on|hover&#8221; transform_rotate__hover_enabled=&#8221;on|desktop&#8221; transform_skew__hover_enabled=&#8221;on|desktop&#8221; transform_origin__hover_enabled=&#8221;on|desktop&#8221; filter_contrast__hover=&#8221;106%&#8221; filter_contrast__hover_enabled=&#8221;on|hover&#8221; filter_opacity__hover=&#8221;100%&#8221; filter_opacity__hover_enabled=&#8221;on|hover&#8221; filter_blur__hover=&#8221;0px&#8221; filter_blur__hover_enabled=&#8221;on|hover&#8221;]Convite a apresenta\u00e7\u00e3o de candidatura  [\/et_pb_blurb][\/et_pb_column][et_pb_column type=&#8221;1_3&#8243; _builder_version=&#8221;4.21.0&#8243; _module_preset=&#8221;default&#8221; global_colors_info=&#8221;{}&#8221;][et_pb_blurb title=&#8221;Financiamento &#8221; use_icon=&#8221;on&#8221; font_icon=&#8221;&#xf279;||fa||400&#8243; icon_placement=&#8221;left&#8221; _builder_version=&#8221;4.21.0&#8243; _module_preset=&#8221;default&#8221; header_font=&#8221;PV Sans Regular||||||||&#8221; header_text_color=&#8221;#FD6320&#8243; background_color=&#8221;rgba(244,244,242,0.86)&#8221; transform_translate_linked=&#8221;off&#8221; min_height=&#8221;159px&#8221; custom_padding=&#8221;30px|10%|30px|10%|true|true&#8221; border_radii=&#8221;on|16px|16px|16px|16px&#8221; box_shadow_style=&#8221;preset1&#8243; locked=&#8221;off&#8221; global_colors_info=&#8221;{}&#8221; custom_padding__hover=&#8221;44px|5%|44px|5%|true|true&#8221; custom_padding__hover_enabled=&#8221;on|desktop&#8221; transform_styles__hover_enabled=&#8221;on|hover&#8221; image_icon_custom_margin__hover=&#8221;0px||||false|false&#8221; image_icon_custom_margin__hover_enabled=&#8221;on|hover&#8221; header_font_size__hover=&#8221;1.1rem&#8221; header_font_size__hover_enabled=&#8221;on|hover&#8221; transform_scale__hover_enabled=&#8221;on|hover&#8221; transform_translate__hover=&#8221;4px|-12px&#8221; transform_translate__hover_enabled=&#8221;on|hover&#8221; transform_rotate__hover_enabled=&#8221;on|desktop&#8221; transform_skew__hover_enabled=&#8221;on|desktop&#8221; transform_origin__hover_enabled=&#8221;on|desktop&#8221; filter_contrast__hover=&#8221;106%&#8221; filter_contrast__hover_enabled=&#8221;on|hover&#8221; filter_opacity__hover=&#8221;100%&#8221; filter_opacity__hover_enabled=&#8221;on|hover&#8221; filter_blur__hover=&#8221;0px&#8221; filter_blur__hover_enabled=&#8221;on|hover&#8221;]Financiamento [\/et_pb_blurb][\/et_pb_column][et_pb_column type=&#8221;1_3&#8243; _builder_version=&#8221;4.21.0&#8243; _module_preset=&#8221;default&#8221; global_colors_info=&#8221;{}&#8221;][et_pb_blurb title=&#8221;Informa\u00e7\u00f5es&#8221; use_icon=&#8221;on&#8221; font_icon=&#8221;&#xf279;||fa||400&#8243; icon_placement=&#8221;left&#8221; _builder_version=&#8221;4.21.0&#8243; _module_preset=&#8221;default&#8221; header_font=&#8221;PV Sans Regular||||||||&#8221; header_text_color=&#8221;#FD6320&#8243; background_color=&#8221;rgba(244,244,242,0.86)&#8221; transform_translate_linked=&#8221;off&#8221; min_height=&#8221;159px&#8221; custom_padding=&#8221;30px|10%|30px|10%|true|true&#8221; border_radii=&#8221;on|16px|16px|16px|16px&#8221; box_shadow_style=&#8221;preset1&#8243; locked=&#8221;off&#8221; global_colors_info=&#8221;{}&#8221; custom_padding__hover=&#8221;44px|5%|44px|5%|true|true&#8221; custom_padding__hover_enabled=&#8221;on|desktop&#8221; transform_styles__hover_enabled=&#8221;on|hover&#8221; image_icon_custom_margin__hover=&#8221;0px||||false|false&#8221; image_icon_custom_margin__hover_enabled=&#8221;on|hover&#8221; header_font_size__hover=&#8221;1.1rem&#8221; header_font_size__hover_enabled=&#8221;on|hover&#8221; transform_scale__hover_enabled=&#8221;on|hover&#8221; transform_translate__hover=&#8221;4px|-12px&#8221; transform_translate__hover_enabled=&#8221;on|hover&#8221; transform_rotate__hover_enabled=&#8221;on|desktop&#8221; transform_skew__hover_enabled=&#8221;on|desktop&#8221; transform_origin__hover_enabled=&#8221;on|desktop&#8221; filter_contrast__hover=&#8221;106%&#8221; filter_contrast__hover_enabled=&#8221;on|hover&#8221; filter_opacity__hover=&#8221;100%&#8221; filter_opacity__hover_enabled=&#8221;on|hover&#8221; filter_blur__hover=&#8221;0px&#8221; filter_blur__hover_enabled=&#8221;on|hover&#8221;]<\/p>\n<p>Informa\u00e7\u00f5es gerais<\/p>\n<p>[\/et_pb_blurb][\/et_pb_column][\/et_pb_row][\/et_pb_section][et_pb_section fb_built=&#8221;1&#8243; disabled_on=&#8221;on|on|on&#8221; module_id=&#8221;estudante-internacional&#8221; _builder_version=&#8221;4.21.0&#8243; _module_preset=&#8221;default&#8221; background_color=&#8221;#FFFFFF&#8221; disabled=&#8221;on&#8221; locked=&#8221;off&#8221; global_colors_info=&#8221;{}&#8221;][et_pb_row column_structure=&#8221;2_5,3_5&#8243; use_custom_gutter=&#8221;on&#8221; gutter_width=&#8221;2&#8243; disabled_on=&#8221;on|on|on&#8221; _builder_version=&#8221;4.21.0&#8243; _module_preset=&#8221;203fff6c-c528-428a-b52f-59101f467a6f&#8221; custom_padding=&#8221;6px|10%|11px|10%|false|true&#8221; disabled=&#8221;on&#8221; global_colors_info=&#8221;{}&#8221;][et_pb_column type=&#8221;2_5&#8243; _builder_version=&#8221;4.16&#8243; _module_preset=&#8221;default&#8221; global_colors_info=&#8221;{}&#8221;][et_pb_image src=&#8221;https:\/\/esev.ipv.pt\/wp-content\/uploads\/sites\/9\/2024\/03\/nathan-dumlao-xPHmmVKS8lM-unsplash-scaled.jpg&#8221; title_text=&#8221;nathan-dumlao-xPHmmVKS8lM-unsplash&#8221; _builder_version=&#8221;4.21.0&#8243; _module_preset=&#8221;ad9df73b-a7f5-4ac7-bc72-e4b5dfd253e8&#8243; background_color=&#8221;#f2f2f2&#8243; background_image=&#8221;https:\/\/esev.ipv.pt\/wp-content\/uploads\/sites\/9\/2023\/11\/erasmus2022.jpg&#8221; global_colors_info=&#8221;{}&#8221;][\/et_pb_image][\/et_pb_column][et_pb_column type=&#8221;3_5&#8243; _builder_version=&#8221;4.16&#8243; _module_preset=&#8221;default&#8221; global_colors_info=&#8221;{}&#8221;][et_pb_text _builder_version=&#8221;4.21.0&#8243; _module_preset=&#8221;default&#8221; header_2_font=&#8221;PV Sans Regular||||||||&#8221; header_2_text_color=&#8221;#FD6320&#8243; header_2_font_size=&#8221;2.2rem&#8221; header_3_font=&#8221;PV Sans Regular||||||||&#8221; header_3_text_color=&#8221;#FD6320&#8243; header_3_font_size=&#8221;2rem&#8221; custom_margin=&#8221;||18px|||&#8221; global_colors_info=&#8221;{}&#8221;]<\/p>\n<h2>Educa\u00e7\u00e3o e Forma\u00e7\u00e3o\/ Aprendizagem ao Longo da Vida:<\/h2>\n<p>[\/et_pb_text][et_pb_text disabled_on=&#8221;on|on|on&#8221; admin_label=&#8221;Text&#8221; module_id=&#8221;internacionais&#8221; _builder_version=&#8221;4.21.0&#8243; _module_preset=&#8221;8154a3e5-ee9f-4d72-9ecd-297f2deec285&#8243; header_2_font=&#8221;PV Sans Regular||||||||&#8221; header_2_text_color=&#8221;#FD6320&#8243; header_2_font_size=&#8221;2.8rem&#8221; custom_margin=&#8221;||18px|||&#8221; disabled=&#8221;on&#8221; global_colors_info=&#8221;{}&#8221;]<\/p>\n<h2>Programas Internacionais<\/h2>\n<p>[\/et_pb_text][et_pb_button button_url=&#8221;https:\/\/esev.ipv.pt\/wp-content\/uploads\/sites\/9\/2023\/11\/eqf08_fr.pdf&#8221; button_text=&#8221;Educa\u00e7\u00e3o e Forma\u00e7\u00e3o\/ Aprendizagem ao Longo da Vida &#8221; _builder_version=&#8221;4.21.0&#8243; _module_preset=&#8221;82f08daa-c31c-4bf3-8ae9-caabd3de6ae4&#8243; global_colors_info=&#8221;{}&#8221;][\/et_pb_button][et_pb_button button_url=&#8221;https:\/\/esev.ipv.pt\/wp-content\/uploads\/sites\/9\/2023\/11\/LexUriServ_do.pdf&#8221; button_text=&#8221;Programa de ac\u00e7\u00e3o no dom\u00ednio da aprendizagem ao longo da vida (Decis\u00e3o 2006\/1720\/Ce) &#8221; _builder_version=&#8221;4.21.0&#8243; _module_preset=&#8221;82f08daa-c31c-4bf3-8ae9-caabd3de6ae4&#8243; global_colors_info=&#8221;{}&#8221;][\/et_pb_button][et_pb_button button_url=&#8221;https:\/\/esev.ipv.pt\/wp-content\/uploads\/sites\/9\/2023\/11\/LexUriServ_do1.pdf&#8221; button_text=&#8221;Compet\u00eancias essenciais para a aprendizagem ao longo da vida&#8221; _builder_version=&#8221;4.21.0&#8243; _module_preset=&#8221;82f08daa-c31c-4bf3-8ae9-caabd3de6ae4&#8243; global_colors_info=&#8221;{}&#8221;][\/et_pb_button][et_pb_button button_url=&#8221;http:\/\/europa.eu\/scadplus\/leg\/pt\/s19001.htm&#8221; url_new_window=&#8221;on&#8221; button_text=&#8221;S\u00edntese da legisla\u00e7\u00e3o &#8221; _builder_version=&#8221;4.21.0&#8243; _module_preset=&#8221;82f08daa-c31c-4bf3-8ae9-caabd3de6ae4&#8243; global_colors_info=&#8221;{}&#8221;][\/et_pb_button][et_pb_button button_url=&#8221;http:\/\/ec.europa.eu\/education\/lifelong-learning-programme\/doc78_en.htm&#8221; url_new_window=&#8221;on&#8221; button_text=&#8221;Informa\u00e7\u00f5es gerais &#8221; _builder_version=&#8221;4.21.0&#8243; _module_preset=&#8221;82f08daa-c31c-4bf3-8ae9-caabd3de6ae4&#8243; global_colors_info=&#8221;{}&#8221;][\/et_pb_button][et_pb_button button_url=&#8221;https:\/\/esev.ipv.pt\/wp-content\/uploads\/sites\/9\/2023\/11\/prior_fr.pdf&#8221; button_text=&#8221;Convite a apresenta\u00e7\u00e3o de candidatura &#8221; _builder_version=&#8221;4.21.0&#8243; _module_preset=&#8221;82f08daa-c31c-4bf3-8ae9-caabd3de6ae4&#8243; global_colors_info=&#8221;{}&#8221;][\/et_pb_button][et_pb_button button_url=&#8221;http:\/\/ec.europa.eu\/education\/index_fr.htm&#8221; url_new_window=&#8221;on&#8221; button_text=&#8221;Financiamento &#8221; _builder_version=&#8221;4.21.0&#8243; _module_preset=&#8221;82f08daa-c31c-4bf3-8ae9-caabd3de6ae4&#8243; global_colors_info=&#8221;{}&#8221;][\/et_pb_button][et_pb_button button_url=&#8221;https:\/\/esev.ipv.pt\/wp-content\/uploads\/sites\/9\/2023\/11\/eqf08_fr1.pdf&#8221; button_text=&#8221;Quadro Europeu de Qualifica\u00e7\u00f5es &#8221; _builder_version=&#8221;4.21.0&#8243; _module_preset=&#8221;82f08daa-c31c-4bf3-8ae9-caabd3de6ae4&#8243; global_colors_info=&#8221;{}&#8221;][\/et_pb_button][et_pb_button button_url=&#8221;https:\/\/esev.ipv.pt\/wp-content\/uploads\/sites\/9\/2024\/02\/Regul_Int_mob_fevereiro_24_signed-1.pdf&#8221; url_new_window=&#8221;on&#8221; button_text=&#8221;Regulamento interno de mobilidade nacional e internacional&#8221; _builder_version=&#8221;4.21.0&#8243; _module_preset=&#8221;82f08daa-c31c-4bf3-8ae9-caabd3de6ae4&#8243; global_colors_info=&#8221;{}&#8221;][\/et_pb_button][\/et_pb_column][\/et_pb_row][\/et_pb_section][et_pb_section fb_built=&#8221;1&#8243; disabled_on=&#8221;on|on|on&#8221; module_id=&#8221;comenius&#8221; _builder_version=&#8221;4.21.0&#8243; _module_preset=&#8221;default&#8221; background_color=&#8221;#F2F2F2&#8243; disabled=&#8221;on&#8221; locked=&#8221;off&#8221; global_colors_info=&#8221;{}&#8221;][et_pb_row column_structure=&#8221;1_2,1_2&#8243; _builder_version=&#8221;4.21.0&#8243; _module_preset=&#8221;203fff6c-c528-428a-b52f-59101f467a6f&#8221; custom_padding=&#8221;6px|10%|11px|10%|false|true&#8221; global_colors_info=&#8221;{}&#8221;][et_pb_column type=&#8221;1_2&#8243; _builder_version=&#8221;4.16&#8243; _module_preset=&#8221;default&#8221; global_colors_info=&#8221;{}&#8221;][et_pb_image title_text=&#8221;John-Amos-Comenius&#8221; _builder_version=&#8221;4.21.0&#8243; _module_preset=&#8221;ad9df73b-a7f5-4ac7-bc72-e4b5dfd253e8&#8243; background_color=&#8221;#f2f2f2&#8243; background_image=&#8221;https:\/\/esev.ipv.pt\/wp-content\/uploads\/sites\/9\/2023\/11\/John-Amos-Comenius.webp&#8221; global_colors_info=&#8221;{}&#8221;][\/et_pb_image][\/et_pb_column][et_pb_column type=&#8221;1_2&#8243; _builder_version=&#8221;4.16&#8243; _module_preset=&#8221;default&#8221; global_colors_info=&#8221;{}&#8221;][et_pb_text admin_label=&#8221;Text&#8221; module_id=&#8221;internacionais&#8221; _builder_version=&#8221;4.21.0&#8243; _module_preset=&#8221;8154a3e5-ee9f-4d72-9ecd-297f2deec285&#8243; text_font=&#8221;|800|||||||&#8221; text_font_size=&#8221;60px&#8221; text_line_height=&#8221;64px&#8221; custom_margin=&#8221;|0px|18px|0px|false|false&#8221; global_colors_info=&#8221;{}&#8221;]<\/p>\n<h2>Programa Comenius<\/h2>\n<p>[\/et_pb_text][et_pb_button button_url=&#8221;https:\/\/pt.wikipedia.org\/wiki\/Comenius&#8221; url_new_window=&#8221;on&#8221; button_text=&#8221;Quem \u00e9 o Comenius?&#8221; _builder_version=&#8221;4.21.0&#8243; _module_preset=&#8221;82f08daa-c31c-4bf3-8ae9-caabd3de6ae4&#8243; global_colors_info=&#8221;{}&#8221;][\/et_pb_button][et_pb_button button_url=&#8221;https:\/\/school-education.ec.europa.eu\/en\/etwinning&#8221; url_new_window=&#8221;on&#8221; button_text=&#8221;eTwinning &#8221; _builder_version=&#8221;4.21.0&#8243; _module_preset=&#8221;82f08daa-c31c-4bf3-8ae9-caabd3de6ae4&#8243; global_colors_info=&#8221;{}&#8221;][\/et_pb_button][et_pb_text _builder_version=&#8221;4.21.0&#8243; _module_preset=&#8221;default&#8221; custom_margin=&#8221;50px||20px||false|false&#8221; global_colors_info=&#8221;{}&#8221;]<\/p>\n<h3>Projecto OD@CE &amp; l&#8217;@utre<\/h3>\n<p>[\/et_pb_text][et_pb_button button_url=&#8221;http:\/\/elearning.esev.ipv.pt\/moodle0910\/mod\/resource\/view.php?id=9214&#8243; url_new_window=&#8221;on&#8221; button_text=&#8221;Descri\u00e7\u00e3o do projecto&#8221; _builder_version=&#8221;4.21.0&#8243; _module_preset=&#8221;82f08daa-c31c-4bf3-8ae9-caabd3de6ae4&#8243; custom_margin=&#8221;0px||-1px||false|false&#8221; global_colors_info=&#8221;{}&#8221;][\/et_pb_button][et_pb_button button_url=&#8221;http:\/\/www3.ac-clermont.fr\/pedago\/comeniusvichy2\/ODACEUROPE\/index.htm&#8221; url_new_window=&#8221;on&#8221; button_text=&#8221;Site oficial&#8221; _builder_version=&#8221;4.21.0&#8243; _module_preset=&#8221;82f08daa-c31c-4bf3-8ae9-caabd3de6ae4&#8243; global_colors_info=&#8221;{}&#8221;][\/et_pb_button][\/et_pb_column][\/et_pb_row][\/et_pb_section][et_pb_section fb_built=&#8221;1&#8243; disabled_on=&#8221;on|on|on&#8221; module_id=&#8221;erasmus&#8221; _builder_version=&#8221;4.21.0&#8243; _module_preset=&#8221;default&#8221; background_color=&#8221;RGBA(255,255,255,0)&#8221; disabled=&#8221;on&#8221; locked=&#8221;off&#8221; global_colors_info=&#8221;{}&#8221;][et_pb_row column_structure=&#8221;1_2,1_2&#8243; _builder_version=&#8221;4.21.0&#8243; _module_preset=&#8221;203fff6c-c528-428a-b52f-59101f467a6f&#8221; custom_padding=&#8221;6px|10%|11px|10%|false|true&#8221; global_colors_info=&#8221;{}&#8221;][et_pb_column type=&#8221;1_2&#8243; _builder_version=&#8221;4.16&#8243; _module_preset=&#8221;default&#8221; global_colors_info=&#8221;{}&#8221;][et_pb_accordion _builder_version=&#8221;4.21.0&#8243; _module_preset=&#8221;d18d2c0e-b341-44cb-bc1f-d9c6e2501eb0&#8243; global_colors_info=&#8221;{}&#8221;][et_pb_accordion_item title=&#8221;Erasmus&#8221; open=&#8221;on&#8221; _builder_version=&#8221;4.21.0&#8243; _module_preset=&#8221;default&#8221; global_colors_info=&#8221;{}&#8221;]<\/p>\n<ul>\n<li><a href=\"https:\/\/esev.ipv.pt\/wp-content\/uploads\/sites\/9\/2023\/11\/PlanodeCreditacao.xlsx\">Model sheet for OUTcoming accreditation plans<\/a><\/li>\n<li><a href=\"https:\/\/esev.ipv.pt\/wp-content\/uploads\/sites\/9\/2023\/11\/parceirosesev_070320221.pdf\">Partners ESEV (March 2022)<\/a><\/li>\n<li><a href=\"https:\/\/issuu.com\/veroniquedelplancq\/docs\/erasmus_2012\" target=\"_blank\" rel=\"noopener\">&#8220;Erasmus Testimonies&#8221; book<\/a><\/li>\n<\/ul>\n<p>[\/et_pb_accordion_item][et_pb_accordion_item title=&#8221;Mobilidade Docente (incoming) &#8221; _builder_version=&#8221;4.21.0&#8243; _module_preset=&#8221;default&#8221; global_colors_info=&#8221;{}&#8221; open=&#8221;off&#8221;]<\/p>\n<ul>\n<li><a href=\"https:\/\/esev.ipv.pt\/wp-content\/uploads\/sites\/9\/2023\/11\/quadro_resumo_23_vnovembro.pdf\">Summary table 2023<\/a><\/li>\n<li><a href=\"https:\/\/esev.ipv.pt\/wp-content\/uploads\/sites\/9\/2023\/11\/quadro_resumo_22.pdf\">Summary table 2022<\/a><\/li>\n<li><a href=\"https:\/\/esev.ipv.pt\/wp-content\/uploads\/sites\/9\/2023\/11\/quadro_resumo20.pdf\">Summary table 2020<\/a><\/li>\n<li><a href=\"https:\/\/esev.ipv.pt\/wp-content\/uploads\/sites\/9\/2023\/11\/quadro_resumo19.pdf\">Summary table 2019<\/a><\/li>\n<li><a href=\"https:\/\/esev.ipv.pt\/wp-content\/uploads\/sites\/9\/2023\/11\/quadroresumo18.pdf\">Summary table 2018<\/a><\/li>\n<li><a href=\"https:\/\/esev.ipv.pt\/wp-content\/uploads\/sites\/9\/2023\/11\/quadro_resumo17_15_09_2017.pdf\">Summary table 2017<\/a><\/li>\n<li><a href=\"https:\/\/esev.ipv.pt\/wp-content\/uploads\/sites\/9\/2023\/11\/quadroresumo16.pdf\">Summary table 2016<\/a><\/li>\n<li><a href=\"https:\/\/esev.ipv.pt\/wp-content\/uploads\/sites\/9\/2023\/11\/quadro_resumo15.pdf\">Summary table 2015<\/a><\/li>\n<\/ul>\n<p>[\/et_pb_accordion_item][et_pb_accordion_item title=&#8221;Mobilidade Docente (outgoing)&#8221; _builder_version=&#8221;4.21.0&#8243; _module_preset=&#8221;default&#8221; global_colors_info=&#8221;{}&#8221; open=&#8221;off&#8221;]<\/p>\n<ul>\n<li><a href=\"https:\/\/esev.ipv.pt\/wp-content\/uploads\/sites\/9\/2023\/11\/Saidas_docentes_22-23.pdf\">Summary table 2022-2023<\/a><\/li>\n<li><a href=\"https:\/\/esev.ipv.pt\/wp-content\/uploads\/sites\/9\/2023\/11\/MOBILIDADE_DOCENTE_Erasmus_2021_2022.pdf\">Summary table 2021-2022<\/a><\/li>\n<li><a href=\"https:\/\/esev.ipv.pt\/wp-content\/uploads\/sites\/9\/2023\/11\/Selecao_candidatos_ESEV_19-20.pdf\">Summary table 2019-2020<\/a><\/li>\n<li><a href=\"https:\/\/esev.ipv.pt\/wp-content\/uploads\/sites\/9\/2023\/11\/mobilidade_docente_18_19.pdf\">Summary table 2018-2019<\/a><\/li>\n<li><a href=\"https:\/\/esev.ipv.pt\/wp-content\/uploads\/sites\/9\/2023\/11\/Selecao_mobilidade_docente_23_01_2018.pdf\">Summary table 2017-2018<\/a><\/li>\n<li><a href=\"https:\/\/esev.ipv.pt\/wp-content\/uploads\/sites\/9\/2023\/11\/Selecao_mobilidade_docente_05_09_2017.pdf\">Summary table 2016-2017<\/a><\/li>\n<li><a href=\"https:\/\/esev.ipv.pt\/wp-content\/uploads\/sites\/9\/2023\/11\/Selecao_Mobilidade_docentes_23_11_2015.pdf\">Summary table 2015-2016<\/a><\/li>\n<\/ul>\n<p>[\/et_pb_accordion_item][et_pb_accordion_item title=&#8221;Mobilidade n\u00e3o Docente&#8221; _builder_version=&#8221;4.21.0&#8243; _module_preset=&#8221;default&#8221; global_colors_info=&#8221;{}&#8221; open=&#8221;off&#8221;]<\/p>\n<ul>\n<li><a href=\"https:\/\/esev.ipv.pt\/wp-content\/uploads\/sites\/9\/2023\/11\/Selecao_nao_docente22-23.pdf\">Screening and selection of candidates 2022-2023<\/a><\/li>\n<li><a href=\"https:\/\/esev.ipv.pt\/wp-content\/uploads\/sites\/9\/2023\/11\/Selecao_mobilidade_nao_docente_17_18.pdf\">Screening and selection of candidates 2017-2018<\/a><\/li>\n<li><a href=\"https:\/\/esev.ipv.pt\/wp-content\/uploads\/sites\/9\/2023\/11\/Selecao_mobilidade_nao_docente_15_09_2017.pdf\">Screening and selection of candidates 2016-2017<\/a><\/li>\n<li><a href=\"https:\/\/esev.ipv.pt\/wp-content\/uploads\/sites\/9\/2023\/11\/Anne.xlsx\">Screening and selection of candidates, 2010<\/a><\/li>\n<li><a href=\"https:\/\/esev.ipv.pt\/wp-content\/uploads\/sites\/9\/2023\/11\/Anne.pdf\">Summary table 2010<\/a><\/li>\n<\/ul>\n<p>[\/et_pb_accordion_item][et_pb_accordion_item title=&#8221;Mobilidade Alunos ESEV \u2013 Estrangeiro &#8221; _builder_version=&#8221;4.21.0&#8243; _module_preset=&#8221;default&#8221; global_colors_info=&#8221;{}&#8221; open=&#8221;off&#8221;]<\/p>\n<ul>\n<li><a href=\"https:\/\/esev.ipv.pt\/wp-content\/uploads\/sites\/9\/2023\/11\/Saidas_outgoing_23-24_ESEV.pdf\">Selection of Erasmus students 2023-2024<\/a><\/li>\n<li><a href=\"https:\/\/esev.ipv.pt\/wp-content\/uploads\/sites\/9\/2023\/11\/Saidas_estudantes_ESEV_22-23.pdf\">Selection of Erasmus students 2022-2023<\/a><\/li>\n<li><a href=\"https:\/\/esev.ipv.pt\/wp-content\/uploads\/sites\/9\/2023\/11\/estudantes_outgoing_21-22__ESEV_estudo.pdf\">Selection of Erasmus students for the 2021-2022 study period<\/a><\/li>\n<li><a href=\"https:\/\/esev.ipv.pt\/wp-content\/uploads\/sites\/9\/2023\/11\/Selecao_alunos_estudos_20-21_ESEV1.pdf\">Selection of Erasmus students for the 2020-2021 study period<\/a><\/li>\n<li><a href=\"https:\/\/esev.ipv.pt\/wp-content\/uploads\/sites\/9\/2023\/11\/SelecaoEstudos2018-2019v2.pdf\">Selection of Erasmus students for the 2018-2019 study period<\/a><\/li>\n<li><a href=\"https:\/\/esev.ipv.pt\/wp-content\/uploads\/sites\/9\/2023\/11\/Selecao_Erasmus_outgoing_Estudos_2017-2018.pdf\">Selection of Erasmus students for the 2017-2018 study period<\/a><\/li>\n<li><a href=\"https:\/\/esev.ipv.pt\/wp-content\/uploads\/sites\/9\/2023\/11\/SelecaoEstudos2016-2017.06.12.16.pdf\">Selection of Erasmus students for the 2016-2017 study period<\/a><\/li>\n<\/ul>\n<p>[\/et_pb_accordion_item][et_pb_accordion_item title=&#8221;Mobilidade Alunos ESEV \u2013 Estrangeiro (est\u00e1gio) &#8221; _builder_version=&#8221;4.21.0&#8243; _module_preset=&#8221;default&#8221; global_colors_info=&#8221;{}&#8221; open=&#8221;off&#8221;]<\/p>\n<ul>\n<li><a href=\"https:\/\/esev.ipv.pt\/wp-content\/uploads\/sites\/9\/2023\/11\/estudantes_outgoing_21-22__ESEV_estagio.pdf\">Selection of Erasmus students for the 2021-2022 internship period<\/a><\/li>\n<li><a href=\"https:\/\/esev.ipv.pt\/wp-content\/uploads\/sites\/9\/2023\/11\/Selecao_alunos_estagios_20-21_ESEV.pdf\">Selection of Erasmus students for the 2020-2021 internship period<\/a><\/li>\n<li><a href=\"https:\/\/esev.ipv.pt\/wp-content\/uploads\/sites\/9\/2023\/11\/SelecaoEstagio2016-2017.16.12.16.pdf\">Selection of Erasmus students for the 2018-2019 internship period<\/a><\/li>\n<li><a href=\"https:\/\/esev.ipv.pt\/wp-content\/uploads\/sites\/9\/2023\/11\/SelecaoEstagio2016-2017.16.12.161.pdf\">Selection of Erasmus students for the 2016-2017 internship period<\/a><\/li>\n<\/ul>\n<p>[\/et_pb_accordion_item][et_pb_accordion_item title=&#8221;Mobilidade Alunos Estrangeiro \u2013 ESEV &#8221; _builder_version=&#8221;4.21.0&#8243; _module_preset=&#8221;default&#8221; global_colors_info=&#8221;{}&#8221; open=&#8221;off&#8221;]<\/p>\n<ul>\n<li><a href=\"https:\/\/esev.ipv.pt\/wp-content\/uploads\/sites\/9\/2023\/11\/Incoming_2023_2024_p_ESEV_v1.pdf\">Erasmus students 2023\/2024<\/a><\/li>\n<li><a href=\"https:\/\/esev.ipv.pt\/wp-content\/uploads\/sites\/9\/2023\/11\/incoming_2022_2023_maio.pdf\">Erasmus students 2022\/2023<\/a><\/li>\n<li><a href=\"https:\/\/esev.ipv.pt\/wp-content\/uploads\/sites\/9\/2023\/11\/Incoming_ESEV_2021-2022_a.pdf\">Erasmus students 2021\/2022<\/a><\/li>\n<li><a href=\"https:\/\/esev.ipv.pt\/wp-content\/uploads\/sites\/9\/2023\/11\/Incoming_2020-2021_b.pdf\">Erasmus students 2020\/2021<\/a><\/li>\n<li><a href=\"https:\/\/esev.ipv.pt\/wp-content\/uploads\/sites\/9\/2023\/11\/Incoming-tutores-2019-20_a.pdf\">Erasmus students 2019\/2020<\/a><\/li>\n<li><a href=\"https:\/\/esev.ipv.pt\/wp-content\/uploads\/sites\/9\/2023\/11\/Incomingtutores2018-19.pdf\">Erasmus students 2018\/2019<\/a><\/li>\n<li><a href=\"https:\/\/esev.ipv.pt\/wp-content\/uploads\/sites\/9\/2023\/11\/incoming_tutores_contactos_2017-20181.pdf\">Erasmus students 2017\/2018<\/a><\/li>\n<\/ul>\n<p>[\/et_pb_accordion_item][\/et_pb_accordion][et_pb_text admin_label=&#8221;Text&#8221; module_id=&#8221;internacionais&#8221; _builder_version=&#8221;4.21.0&#8243; _module_preset=&#8221;8154a3e5-ee9f-4d72-9ecd-297f2deec285&#8243; text_font=&#8221;|800|||||||&#8221; text_font_size=&#8221;60px&#8221; text_line_height=&#8221;64px&#8221; custom_margin=&#8221;|0px|18px|0px|false|false&#8221; global_colors_info=&#8221;{}&#8221;]<\/p>\n<h2>Programa Erasmus<\/h2>\n<p>[\/et_pb_text][\/et_pb_column][et_pb_column type=&#8221;1_2&#8243; _builder_version=&#8221;4.16&#8243; _module_preset=&#8221;default&#8221; global_colors_info=&#8221;{}&#8221;][et_pb_image title_text=&#8221;jovens-com-mapa-cidade&#8221; _builder_version=&#8221;4.21.0&#8243; _module_preset=&#8221;ad9df73b-a7f5-4ac7-bc72-e4b5dfd253e8&#8243; background_color=&#8221;#f2f2f2&#8243; background_image=&#8221;https:\/\/esev.ipv.pt\/wp-content\/uploads\/sites\/9\/2023\/11\/jovens-com-mapa-cidade-scaled.jpg&#8221; global_colors_info=&#8221;{}&#8221;][\/et_pb_image][\/et_pb_column][\/et_pb_row][\/et_pb_section][et_pb_section fb_built=&#8221;1&#8243; disabled_on=&#8221;on|on|on&#8221; module_id=&#8221;leonardo-da-vinci&#8221; _builder_version=&#8221;4.21.0&#8243; _module_preset=&#8221;default&#8221; background_color=&#8221;#F2F2F2&#8243; disabled=&#8221;on&#8221; locked=&#8221;off&#8221; global_colors_info=&#8221;{}&#8221;][et_pb_row column_structure=&#8221;1_2,1_2&#8243; _builder_version=&#8221;4.21.0&#8243; _module_preset=&#8221;203fff6c-c528-428a-b52f-59101f467a6f&#8221; custom_padding=&#8221;6px|10%|11px|10%|false|true&#8221; global_colors_info=&#8221;{}&#8221;][et_pb_column type=&#8221;1_2&#8243; _builder_version=&#8221;4.16&#8243; _module_preset=&#8221;default&#8221; global_colors_info=&#8221;{}&#8221;][et_pb_image title_text=&#8221;leo&#8221; _builder_version=&#8221;4.21.0&#8243; _module_preset=&#8221;ad9df73b-a7f5-4ac7-bc72-e4b5dfd253e8&#8243; background_color=&#8221;#f2f2f2&#8243; background_image=&#8221;https:\/\/esev.ipv.pt\/wp-content\/uploads\/sites\/9\/2023\/11\/leo.webp&#8221; global_colors_info=&#8221;{}&#8221;][\/et_pb_image][\/et_pb_column][et_pb_column type=&#8221;1_2&#8243; _builder_version=&#8221;4.16&#8243; _module_preset=&#8221;default&#8221; global_colors_info=&#8221;{}&#8221;][et_pb_text admin_label=&#8221;Text&#8221; module_id=&#8221;internacionais&#8221; _builder_version=&#8221;4.21.0&#8243; _module_preset=&#8221;8154a3e5-ee9f-4d72-9ecd-297f2deec285&#8243; text_font=&#8221;|800|||||||&#8221; text_font_size=&#8221;60px&#8221; text_line_height=&#8221;64px&#8221; custom_margin=&#8221;|0px|18px|0px|false|false&#8221; global_colors_info=&#8221;{}&#8221;]<\/p>\n<h2>Programa Leonardo da Vinci<\/h2>\n<p>[\/et_pb_text][et_pb_button button_url=&#8221;https:\/\/ipv.pt\/ri\/leonardo\/default.htm&#8221; url_new_window=&#8221;on&#8221; button_text=&#8221;Link do IPV&#8221; _builder_version=&#8221;4.21.0&#8243; _module_preset=&#8221;82f08daa-c31c-4bf3-8ae9-caabd3de6ae4&#8243; global_colors_info=&#8221;{}&#8221;][\/et_pb_button][et_pb_button button_url=&#8221;https:\/\/pt.wikipedia.org\/wiki\/Leonardo_da_Vinci&#8221; url_new_window=&#8221;on&#8221; button_text=&#8221;Quem \u00e9 o Leonardo da Vinci?&#8221; _builder_version=&#8221;4.21.0&#8243; _module_preset=&#8221;82f08daa-c31c-4bf3-8ae9-caabd3de6ae4&#8243; global_colors_info=&#8221;{}&#8221;][\/et_pb_button][et_pb_button button_url=&#8221;http:\/\/pt-europa.proalv.pt\/public\/PortalRender.aspx?PageID=fca3e27e-2ae1-4ddb-b44a-f32523394236&#8243; url_new_window=&#8221;on&#8221; button_text=&#8221;Informa\u00e7\u00f5es da Ag\u00eancia Nacional&#8221; _builder_version=&#8221;4.21.0&#8243; _module_preset=&#8221;82f08daa-c31c-4bf3-8ae9-caabd3de6ae4&#8243; global_colors_info=&#8221;{}&#8221;][\/et_pb_button][et_pb_text _builder_version=&#8221;4.21.0&#8243; _module_preset=&#8221;default&#8221; custom_margin=&#8221;50px||||false|false&#8221; global_colors_info=&#8221;{}&#8221;]<\/p>\n<h3>Na ESEV<\/h3>\n<ul>\n<li><a href=\"https:\/\/esev.ipv.pt\/wp-content\/uploads\/sites\/9\/2023\/11\/list-participantes-esev-2012-2.pdf\">ESEV participants (2011-2012)<\/a><\/li>\n<li><a href=\"https:\/\/esev.ipv.pt\/wp-content\/uploads\/sites\/9\/2023\/11\/infos_completas_leonardo_2010.xls\">ESEV participants (2010)<\/a><\/li>\n<li><a href=\"https:\/\/esev.ipv.pt\/wp-content\/uploads\/sites\/9\/2023\/11\/PARTICIPANTES2009ESEV.xls\">ESEV participants (2009)<\/a><\/li>\n<li><a href=\"https:\/\/esev.ipv.pt\/wp-content\/uploads\/sites\/9\/2023\/11\/Participantes_Locais_de_EstagioESEVfinal.xls\">ESEV participants (2008)<\/a><\/li>\n<li><a href=\"https:\/\/esev.ipv.pt\/wp-content\/uploads\/sites\/9\/2023\/11\/alunosacolhidos07-08.xls\">Students welcomed 2007-2008<\/a><\/li>\n<li><a href=\"https:\/\/esev.ipv.pt\/wp-content\/uploads\/sites\/9\/2023\/11\/alunosdaesev07-08.xls\">ESEV students 2007-2008<\/a><\/li>\n<\/ul>\n<p>[\/et_pb_text][et_pb_button button_url=&#8221;https:\/\/esev.ipv.pt\/wp-content\/uploads\/sites\/9\/2023\/11\/brosur_wbee_portugal-versao-corrigida.pdf&#8221; button_text=&#8221;Projeto WBEE&#8221; _builder_version=&#8221;4.21.0&#8243; _module_preset=&#8221;82f08daa-c31c-4bf3-8ae9-caabd3de6ae4&#8243; global_colors_info=&#8221;{}&#8221;][\/et_pb_button][\/et_pb_column][\/et_pb_row][\/et_pb_section][et_pb_section fb_built=&#8221;1&#8243; disabled_on=&#8221;on|on|on&#8221; module_id=&#8221;grundtvig&#8221; _builder_version=&#8221;4.21.0&#8243; _module_preset=&#8221;default&#8221; background_color=&#8221;#FFFFFF&#8221; disabled=&#8221;on&#8221; locked=&#8221;off&#8221; global_colors_info=&#8221;{}&#8221;][et_pb_row column_structure=&#8221;1_2,1_2&#8243; _builder_version=&#8221;4.21.0&#8243; _module_preset=&#8221;203fff6c-c528-428a-b52f-59101f467a6f&#8221; custom_padding=&#8221;6px|10%|11px|10%|false|true&#8221; global_colors_info=&#8221;{}&#8221;][et_pb_column type=&#8221;1_2&#8243; _builder_version=&#8221;4.16&#8243; _module_preset=&#8221;default&#8221; global_colors_info=&#8221;{}&#8221;][et_pb_text admin_label=&#8221;Text&#8221; module_id=&#8221;internacionais&#8221; _builder_version=&#8221;4.21.0&#8243; _module_preset=&#8221;8154a3e5-ee9f-4d72-9ecd-297f2deec285&#8243; text_font=&#8221;|800|||||||&#8221; text_font_size=&#8221;60px&#8221; text_line_height=&#8221;64px&#8221; custom_margin=&#8221;|0px|18px|0px|false|false&#8221; global_colors_info=&#8221;{}&#8221;]<\/p>\n<h2>Programa Grundtvig<\/h2>\n<p>[\/et_pb_text][et_pb_button button_url=&#8221;https:\/\/en.wikipedia.org\/wiki\/N._F._S._Grundtvig&#8221; url_new_window=&#8221;on&#8221; button_text=&#8221;Quem \u00e9 o Grundtvig? &#8221; _builder_version=&#8221;4.21.0&#8243; _module_preset=&#8221;82f08daa-c31c-4bf3-8ae9-caabd3de6ae4&#8243; global_colors_info=&#8221;{}&#8221;][\/et_pb_button][et_pb_button button_url=&#8221;http:\/\/pt-europa.proalv.pt\/public\/PortalRender.aspx?PageID=fca3e27e-2ae1-4ddb-b44a-f32523394236&#8243; url_new_window=&#8221;on&#8221; button_text=&#8221;Informa\u00e7\u00f5es da Ag\u00eancia Nacional &#8221; _builder_version=&#8221;4.21.0&#8243; _module_preset=&#8221;82f08daa-c31c-4bf3-8ae9-caabd3de6ae4&#8243; global_colors_info=&#8221;{}&#8221;][\/et_pb_button][\/et_pb_column][et_pb_column type=&#8221;1_2&#8243; _builder_version=&#8221;4.16&#8243; _module_preset=&#8221;default&#8221; global_colors_info=&#8221;{}&#8221;][et_pb_image title_text=&#8221;N-f-s-grundtvig-portr\u00e6t&#8221; _builder_version=&#8221;4.21.0&#8243; _module_preset=&#8221;ad9df73b-a7f5-4ac7-bc72-e4b5dfd253e8&#8243; background_color=&#8221;#f2f2f2&#8243; background_image=&#8221;https:\/\/esev.ipv.pt\/wp-content\/uploads\/sites\/9\/2023\/11\/N-f-s-grundtvig-portraet.jpg&#8221; global_colors_info=&#8221;{}&#8221;][\/et_pb_image][\/et_pb_column][\/et_pb_row][\/et_pb_section][et_pb_section fb_built=&#8221;1&#8243; disabled_on=&#8221;on|on|on&#8221; module_id=&#8221;transversal&#8221; _builder_version=&#8221;4.21.0&#8243; _module_preset=&#8221;default&#8221; background_color=&#8221;#F2F2F2&#8243; disabled=&#8221;on&#8221; locked=&#8221;off&#8221; global_colors_info=&#8221;{}&#8221;][et_pb_row column_structure=&#8221;1_2,1_2&#8243; _builder_version=&#8221;4.21.0&#8243; _module_preset=&#8221;203fff6c-c528-428a-b52f-59101f467a6f&#8221; custom_padding=&#8221;6px|10%|11px|10%|false|true&#8221; global_colors_info=&#8221;{}&#8221;][et_pb_column type=&#8221;1_2&#8243; _builder_version=&#8221;4.16&#8243; _module_preset=&#8221;default&#8221; global_colors_info=&#8221;{}&#8221;][et_pb_image title_text=&#8221;John-Amos-Comenius&#8221; _builder_version=&#8221;4.21.0&#8243; _module_preset=&#8221;ad9df73b-a7f5-4ac7-bc72-e4b5dfd253e8&#8243; background_color=&#8221;#f2f2f2&#8243; background_image=&#8221;https:\/\/esev.ipv.pt\/wp-content\/uploads\/sites\/9\/2023\/11\/John-Amos-Comenius.webp&#8221; global_colors_info=&#8221;{}&#8221;][\/et_pb_image][\/et_pb_column][et_pb_column type=&#8221;1_2&#8243; _builder_version=&#8221;4.16&#8243; _module_preset=&#8221;default&#8221; global_colors_info=&#8221;{}&#8221;][et_pb_text admin_label=&#8221;Text&#8221; module_id=&#8221;internacionais&#8221; _builder_version=&#8221;4.21.0&#8243; _module_preset=&#8221;8154a3e5-ee9f-4d72-9ecd-297f2deec285&#8243; text_font=&#8221;|800|||||||&#8221; text_font_size=&#8221;60px&#8221; text_line_height=&#8221;64px&#8221; custom_margin=&#8221;|0px|18px|0px|false|false&#8221; global_colors_info=&#8221;{}&#8221;]<\/p>\n<h2>Programa Transversal<\/h2>\n<p>[\/et_pb_text][et_pb_button button_url=&#8221;https:\/\/education.ec.europa.eu\/programmes\/llp\/structure\/transversal_en.html&#8221; url_new_window=&#8221;on&#8221; button_text=&#8221;Informa\u00e7\u00f5es da Comiss\u00e3o Europeia&#8221; _builder_version=&#8221;4.21.0&#8243; _module_preset=&#8221;82f08daa-c31c-4bf3-8ae9-caabd3de6ae4&#8243; global_colors_info=&#8221;{}&#8221;][\/et_pb_button][et_pb_button button_url=&#8221;http:\/\/pt-europa.proalv.pt\/public\/PortalRender.aspx?PageID=fca3e27e-2ae1-4ddb-b44a-f32523394236&#8243; url_new_window=&#8221;on&#8221; button_text=&#8221;Informa\u00e7\u00f5es da Ag\u00eancia Nacional (ac\u00e7\u00f5es) &#8221; _builder_version=&#8221;4.21.0&#8243; _module_preset=&#8221;82f08daa-c31c-4bf3-8ae9-caabd3de6ae4&#8243; global_colors_info=&#8221;{}&#8221;][\/et_pb_button][\/et_pb_column][\/et_pb_row][\/et_pb_section][et_pb_section fb_built=&#8221;1&#8243; _builder_version=&#8221;4.21.0&#8243; _module_preset=&#8221;default&#8221; custom_padding=&#8221;2px||0px|||&#8221; global_colors_info=&#8221;{}&#8221;][et_pb_row column_structure=&#8221;1_2,1_2&#8243; module_id=&#8221;contabilidade&#8221; _builder_version=&#8221;4.21.0&#8243; _module_preset=&#8221;default&#8221; max_width=&#8221;1920px&#8221; custom_padding=&#8221;0px|10%|0px|10%|false|true&#8221; locked=&#8221;off&#8221; global_colors_info=&#8221;{}&#8221;][et_pb_column type=&#8221;1_2&#8243; _builder_version=&#8221;4.21.0&#8243; _module_preset=&#8221;default&#8221; position_origin_a=&#8221;center_left&#8221; position_origin_f=&#8221;center_center&#8221; z_index=&#8221;10&#8243; global_colors_info=&#8221;{}&#8221;][et_pb_text _builder_version=&#8221;4.25.1&#8243; _module_preset=&#8221;default&#8221; link_font=&#8221;PV Sans Regular||||on|||#96353C|&#8221; link_text_color=&#8221;#96353C&#8221; header_3_font=&#8221;PV Sans Regular||||||||&#8221; header_3_font_size=&#8221;2.4rem&#8221; background_color=&#8221;#f6f6f6&#8243; z_index=&#8221;1&#8243; custom_margin=&#8221;3vw|-5vw||0vw|false|false&#8221; custom_padding=&#8221;3vw|3vw|6vw|3vw|false|true&#8221; locked=&#8221;off&#8221; global_colors_info=&#8221;{}&#8221; link_font_size__hover=&#8221;1.1rem&#8221; link_font_size__hover_enabled=&#8221;on|hover&#8221;]<\/p>\n<h3>Hor\u00e1rio<\/h3>\n<p>09:00h &#8211; 12:30h | 14:00h &#8211; 17:30h<\/p>\n<p>[\/et_pb_text][\/et_pb_column][et_pb_column type=&#8221;1_2&#8243; _builder_version=&#8221;4.21.0&#8243; _module_preset=&#8221;default&#8221; positioning=&#8221;none&#8221; global_colors_info=&#8221;{}&#8221;][et_pb_image src=&#8221;https:\/\/esev.ipv.pt\/wp-content\/uploads\/sites\/9\/2024\/03\/inscricoes-scaled.jpg&#8221; alt=&#8221;Registration&#8221; title_text=&#8221;inscricoes&#8221; _builder_version=&#8221;4.21.0&#8243; _module_preset=&#8221;default&#8221; background_image=&#8221;https:\/\/esev.ipv.pt\/wp-content\/uploads\/sites\/9\/2024\/03\/students-3-scaled.jpg&#8221; z_index=&#8221;0&#8243; custom_margin=&#8221;|-3vw||0vw|false|false&#8221; custom_padding=&#8221;0px||0px||false|false&#8221; global_colors_info=&#8221;{}&#8221;][\/et_pb_image][\/et_pb_column][\/et_pb_row][\/et_pb_section][et_pb_section fb_built=&#8221;1&#8243; _builder_version=&#8221;4.21.0&#8243; _module_preset=&#8221;default&#8221; locked=&#8221;off&#8221; global_colors_info=&#8221;{}&#8221;][et_pb_row _builder_version=&#8221;4.21.0&#8243; _module_preset=&#8221;default&#8221; max_width=&#8221;1920px&#8221; custom_padding=&#8221;0px|10%|0px|10%|false|true&#8221; locked=&#8221;off&#8221; global_colors_info=&#8221;{}&#8221;][et_pb_column type=&#8221;4_4&#8243; _builder_version=&#8221;4.21.0&#8243; _module_preset=&#8221;default&#8221; global_colors_info=&#8221;{}&#8221;][et_pb_text _builder_version=&#8221;4.27.4&#8243; _module_preset=&#8221;default&#8221; header_2_font=&#8221;PV Sans Regular||||||||&#8221; header_2_text_color=&#8221;#FD6320&#8243; header_2_font_size=&#8221;2.8rem&#8221; global_colors_info=&#8221;{}&#8221;]<\/p>\n<h2>Contacts<\/h2>\n<p>[\/et_pb_text][et_pb_divider _builder_version=&#8221;4.21.0&#8243; _module_preset=&#8221;default&#8221; custom_margin=&#8221;-18px|||||&#8221; locked=&#8221;off&#8221; global_colors_info=&#8221;{}&#8221;][\/et_pb_divider][\/et_pb_column][\/et_pb_row][et_pb_row column_structure=&#8221;1_4,1_4,1_4,1_4&#8243; _builder_version=&#8221;4.21.0&#8243; _module_preset=&#8221;default&#8221; max_width=&#8221;1920px&#8221; locked=&#8221;off&#8221; global_colors_info=&#8221;{}&#8221;][et_pb_column type=&#8221;1_4&#8243; _builder_version=&#8221;4.21.0&#8243; _module_preset=&#8221;default&#8221; global_colors_info=&#8221;{}&#8221;][et_pb_text _builder_version=&#8221;4.27.4&#8243; _module_preset=&#8221;default&#8221; header_3_font=&#8221;PV Sans Regular||||||||&#8221; header_3_font_size=&#8221;2.4rem&#8221; locked=&#8221;off&#8221; global_colors_info=&#8221;{}&#8221;]<\/p>\n<h3>Interinstitutional Cooperation<\/h3>\n<p>[\/et_pb_text][\/et_pb_column][et_pb_column type=&#8221;1_4&#8243; _builder_version=&#8221;4.21.0&#8243; _module_preset=&#8221;default&#8221; global_colors_info=&#8221;{}&#8221;][et_pb_blurb title=&#8221;V\u00e9ronique Delplancq&#8221; image_icon_background_color=&#8221;#2B2E34&#8243; image=&#8221;https:\/\/esev.ipv.pt\/wp-content\/uploads\/sites\/9\/2024\/02\/veronique_delplancq.jpeg&#8221; image_icon_width=&#8221;110px&#8221; _builder_version=&#8221;4.27.4&#8243; _module_preset=&#8221;default&#8221; header_level=&#8221;h3&#8243; header_font_size=&#8221;18px&#8221; header_line_height=&#8221;27px&#8221; body_font_size=&#8221;16px&#8221; body_line_height=&#8221;24px&#8221; body_link_font=&#8221;PV Sans Bold|||||||#96353C|&#8221; body_link_text_color=&#8221;#2B2E34&#8243; text_orientation=&#8221;center&#8221; border_radii_image=&#8221;on|60px|60px|60px|60px&#8221; global_colors_info=&#8221;{}&#8221; body_link_text_color__hover_enabled=&#8221;on|hover&#8221; body_link_text_color__hover=&#8221;#FD6320&#8243;]<\/p>\n<p>Coordinator<br \/><span>Full Professor<\/span><br \/>Email: <a href=\"mailto:vero@esev.ipv.pt\" target=\"_blank\" rel=\"noopener\">vero@esev.ipv.pt<\/a><br \/>Phone: (+351) 232 419 000<br \/><a title=\"Ciencia Vitae\" href=\"https:\/\/www.cienciavitae.pt\/portal\/4318-667C-9FCD\" target=\"_blank\" rel=\"noopener\"><img loading=\"lazy\" decoding=\"async\" src=\"https:\/\/esev.ipv.pt\/wp-content\/uploads\/sites\/9\/2024\/02\/cienciavitae_v2.png\" width=\"47\" height=\"25\" alt=\"Ciencia Vitae\" class=\"wp-image-70571 size-full\" \/><\/a><\/p>\n<p>[\/et_pb_blurb][\/et_pb_column][et_pb_column type=&#8221;1_4&#8243; _builder_version=&#8221;4.21.0&#8243; _module_preset=&#8221;default&#8221; global_colors_info=&#8221;{}&#8221;][et_pb_blurb title=&#8221;Filomena Fernandes&#8221; image_icon_background_color=&#8221;#2B2E34&#8243; image=&#8221;https:\/\/esev.ipv.pt\/wp-content\/uploads\/sites\/9\/2023\/11\/filomena2.jpg&#8221; image_icon_width=&#8221;110px&#8221; _builder_version=&#8221;4.27.4&#8243; _module_preset=&#8221;default&#8221; header_level=&#8221;h3&#8243; header_font_size=&#8221;18px&#8221; header_line_height=&#8221;27px&#8221; body_font_size=&#8221;16px&#8221; body_line_height=&#8221;24px&#8221; body_link_font=&#8221;PV Sans Bold|||||||#96353C|&#8221; body_link_text_color=&#8221;#2B2E34&#8243; text_orientation=&#8221;center&#8221; border_radii_image=&#8221;on|60px|60px|60px|60px&#8221; locked=&#8221;off&#8221; global_colors_info=&#8221;{}&#8221; body_link_text_color__hover=&#8221;#FD6320&#8243; body_link_text_color__hover_enabled=&#8221;on|hover&#8221;]Technical Office<br \/>\nTechnical Assistant<br \/>\nEmail: <a href=\"mailto:filomenafernandes@esev.ipv.pt\" target=\"_blank\" rel=\"noopener\">filomenafernandes@esev.ipv.pt<\/a><br \/>\nPhone: (+351) 232 419 071[\/et_pb_blurb][\/et_pb_column][et_pb_column type=&#8221;1_4&#8243; _builder_version=&#8221;4.21.0&#8243; _module_preset=&#8221;default&#8221; global_colors_info=&#8221;{}&#8221;][et_pb_blurb title=&#8221;Anabela Louren\u00e7o&#8221; image_icon_background_color=&#8221;#2B2E34&#8243; image=&#8221;https:\/\/esev.ipv.pt\/wp-content\/uploads\/sites\/9\/2023\/11\/Anabela22.jpg&#8221; image_icon_width=&#8221;110px&#8221; _builder_version=&#8221;4.27.4&#8243; _module_preset=&#8221;default&#8221; header_level=&#8221;h3&#8243; header_font_size=&#8221;18px&#8221; header_line_height=&#8221;27px&#8221; body_font_size=&#8221;16px&#8221; body_line_height=&#8221;24px&#8221; body_link_font=&#8221;PV Sans Bold|||||||#96353C|&#8221; body_link_text_color=&#8221;#2B2E34&#8243; text_orientation=&#8221;center&#8221; border_radii_image=&#8221;on|60px|60px|60px|60px&#8221; global_colors_info=&#8221;{}&#8221; body_link_text_color__hover=&#8221;#FD6320&#8243; body_link_text_color__hover_enabled=&#8221;on|hover&#8221;]<\/p>\n<p>Secretariat<br \/>Senior Technician<br \/>Email: <a href=\"mailto:anabelalourenco@esev.ipv.pt\" target=\"_blank\" rel=\"noopener\">anabelalourenco@esev.ipv.pt<\/a><br \/>Phone: (+351) 232 419 018<\/p>\n<p>[\/et_pb_blurb][\/et_pb_column][\/et_pb_row][\/et_pb_section]<\/p>\n","protected":false},"excerpt":{"rendered":"<p>Find out about the international mobility programmes for students, teachers and non-teaching staff. Erasmus Programme | Incoming and Outcoming  <\/p>\n","protected":false},"author":1,"featured_media":0,"parent":0,"menu_order":0,"comment_status":"closed","ping_status":"closed","template":"","meta":{"_et_pb_use_builder":"on","_et_pb_old_content":"","_et_gb_content_width":"","inline_featured_image":false,"_price":"","_stock":"","_tribe_ticket_header":"","_tribe_default_ticket_provider":"","_tribe_ticket_capacity":"0","_ticket_start_date":"","_ticket_end_date":"","_tribe_ticket_show_description":"","_tribe_ticket_show_not_going":false,"_tribe_ticket_use_global_stock":"","_tribe_ticket_global_stock_level":"","_global_stock_mode":"","_global_stock_cap":"","_tribe_rsvp_for_event":"","_tribe_ticket_going_count":"","_tribe_ticket_not_going_count":"","_tribe_tickets_list":"[]","_tribe_ticket_has_attendee_info_fields":false,"footnotes":"","_tec_slr_enabled":"","_tec_slr_layout":""},"class_list":["post-83129","page","type-page","status-publish","hentry"],"publishpress_future_action":{"enabled":false,"date":"2026-05-04 03:00:42","action":"change-status","newStatus":"draft","terms":[],"taxonomy":"translation_priority","extraData":[]},"publishpress_future_workflow_manual_trigger":{"enabledWorkflows":[]},"ticketed":false,"_links":{"self":[{"href":"https:\/\/esev.ipv.pt\/en\/wp-json\/wp\/v2\/pages\/83129","targetHints":{"allow":["GET"]}}],"collection":[{"href":"https:\/\/esev.ipv.pt\/en\/wp-json\/wp\/v2\/pages"}],"about":[{"href":"https:\/\/esev.ipv.pt\/en\/wp-json\/wp\/v2\/types\/page"}],"author":[{"embeddable":true,"href":"https:\/\/esev.ipv.pt\/en\/wp-json\/wp\/v2\/users\/1"}],"replies":[{"embeddable":true,"href":"https:\/\/esev.ipv.pt\/en\/wp-json\/wp\/v2\/comments?post=83129"}],"version-history":[{"count":5,"href":"https:\/\/esev.ipv.pt\/en\/wp-json\/wp\/v2\/pages\/83129\/revisions"}],"predecessor-version":[{"id":89108,"href":"https:\/\/esev.ipv.pt\/en\/wp-json\/wp\/v2\/pages\/83129\/revisions\/89108"}],"wp:attachment":[{"href":"https:\/\/esev.ipv.pt\/en\/wp-json\/wp\/v2\/media?parent=83129"}],"curies":[{"name":"wp","href":"https:\/\/api.w.org\/{rel}","templated":true}]}}